{"id":1532,"date":"2022-03-10T07:39:09","date_gmt":"2022-03-10T07:39:09","guid":{"rendered":"https:\/\/www.expobusiberia.comactividades-2\/"},"modified":"2025-11-18T11:40:38","modified_gmt":"2025-11-18T11:40:38","slug":"actividades-2","status":"publish","type":"page","link":"https:\/\/www.expobusiberia.com\/gl\/actividades-2\/","title":{"rendered":"Actividades"},"content":{"rendered":"\t\t<div data-elementor-type=\"wp-page\" data-elementor-id=\"1532\" class=\"elementor elementor-1532 elementor-644\">\n\t\t\t\t\t\t\t\t\t<section class=\"elementor-section elementor-top-section elementor-element elementor-element-7c67cf7 elementor-section-height-min-height elementor-section-boxed elementor-section-height-default elementor-section-items-middle\" data-id=\"7c67cf7\" data-element_type=\"section\" data-settings=\"{&quot;background_background&quot;:&quot;classic&quot;}\">\n\t\t\t\t\t\t<div class=\"elementor-container elementor-column-gap-default\">\n\t\t\t\t\t<div class=\"elementor-column elementor-col-100 elementor-top-column elementor-element elementor-element-611dcdf\" data-id=\"611dcdf\" data-element_type=\"column\">\n\t\t\t<div class=\"elementor-widget-wrap elementor-element-populated\">\n\t\t\t\t\t\t\t\t\t<\/div>\n\t\t<\/div>\n\t\t\t\t\t\t\t<\/div>\n\t\t<\/section>\n\t\t\t\t<section class=\"elementor-section elementor-top-section elementor-element elementor-element-a4ce613 elementor-section-boxed elementor-section-height-default elementor-section-height-default\" data-id=\"a4ce613\" data-element_type=\"section\">\n\t\t\t\t\t\t<div class=\"elementor-container elementor-column-gap-default\">\n\t\t\t\t\t<div class=\"elementor-column elementor-col-100 elementor-top-column elementor-element elementor-element-9a446a5\" data-id=\"9a446a5\" data-element_type=\"column\">\n\t\t\t<div class=\"elementor-widget-wrap elementor-element-populated\">\n\t\t\t\t\t\t\t\t<div class=\"elementor-element elementor-element-46aee6f elementor-invisible elementor-widget elementor-widget-image\" data-id=\"46aee6f\" data-element_type=\"widget\" data-settings=\"{&quot;_animation&quot;:&quot;fadeInUp&quot;,&quot;_animation_delay&quot;:100,&quot;_animation_tablet&quot;:&quot;none&quot;}\" data-widget_type=\"image.default\">\n\t\t\t\t<div class=\"elementor-widget-container\">\n\t\t\t\t\t\t\t\t\t\t\t\t\t\t\t<img decoding=\"async\" src=\"https:\/\/www.expobusiberia.com\/wp-content\/uploads\/elementor\/thumbs\/logo_expobus-qbpqvmsl19jlxpu4k2mspcyof7hxufvwhydtprabve.jpg\" title=\"logo_expobus.jpg\" alt=\"logo_expobus.jpg\" loading=\"lazy\" \/>\t\t\t\t\t\t\t\t\t\t\t\t\t\t\t<\/div>\n\t\t\t\t<\/div>\n\t\t\t\t<div class=\"elementor-element elementor-element-5787c91 elementor-invisible elementor-widget elementor-widget-heading\" data-id=\"5787c91\" data-element_type=\"widget\" data-settings=\"{&quot;_animation&quot;:&quot;fadeInUp&quot;,&quot;_animation_delay&quot;:100,&quot;_animation_tablet&quot;:&quot;none&quot;}\" data-widget_type=\"heading.default\">\n\t\t\t\t<div class=\"elementor-widget-container\">\n\t\t\t<h2 class=\"elementor-heading-title elementor-size-default\">EXPOBUS IBERIA exposici\u00f3n e moito m\u00e1is<\/h2>\t\t<\/div>\n\t\t\t\t<\/div>\n\t\t\t\t<div class=\"elementor-element elementor-element-5ec7de9 elementor-invisible elementor-widget elementor-widget-heading\" data-id=\"5ec7de9\" data-element_type=\"widget\" data-settings=\"{&quot;_animation&quot;:&quot;fadeInUp&quot;,&quot;_animation_delay&quot;:100,&quot;_animation_tablet&quot;:&quot;none&quot;}\" data-widget_type=\"heading.default\">\n\t\t\t\t<div class=\"elementor-widget-container\">\n\t\t\t<h5 class=\"elementor-heading-title elementor-size-default\">Que encontrar\u00e1 o visitante?<\/h5>\t\t<\/div>\n\t\t\t\t<\/div>\n\t\t\t\t\t<\/div>\n\t\t<\/div>\n\t\t\t\t\t\t\t<\/div>\n\t\t<\/section>\n\t\t\t\t<section class=\"elementor-section elementor-top-section elementor-element elementor-element-4179347 elementor-section-boxed elementor-section-height-default elementor-section-height-default\" data-id=\"4179347\" data-element_type=\"section\">\n\t\t\t\t\t\t<div class=\"elementor-container elementor-column-gap-default\">\n\t\t\t\t\t<div class=\"elementor-column elementor-col-100 elementor-top-column elementor-element elementor-element-95d0595\" data-id=\"95d0595\" data-element_type=\"column\">\n\t\t\t<div class=\"elementor-widget-wrap elementor-element-populated\">\n\t\t\t\t\t\t\t\t<div class=\"elementor-element elementor-element-d78cc20 elementor-invisible elementor-widget elementor-widget-heading\" data-id=\"d78cc20\" data-element_type=\"widget\" data-settings=\"{&quot;_animation&quot;:&quot;fadeInUp&quot;,&quot;_animation_delay&quot;:100,&quot;_animation_tablet&quot;:&quot;none&quot;}\" data-widget_type=\"heading.default\">\n\t\t\t\t<div class=\"elementor-widget-container\">\n\t\t\t<h5 class=\"elementor-heading-title elementor-size-default\">PROGRAMA DE ACTIVIDADES 2025<\/h5>\t\t<\/div>\n\t\t\t\t<\/div>\n\t\t\t\t<div class=\"elementor-element elementor-element-7472bc6 elementor-tabs-view-horizontal elementor-widget elementor-widget-tabs\" data-id=\"7472bc6\" data-element_type=\"widget\" data-widget_type=\"tabs.default\">\n\t\t\t\t<div class=\"elementor-widget-container\">\n\t\t\t\t\t<div class=\"elementor-tabs\">\n\t\t\t<div class=\"elementor-tabs-wrapper\" role=\"tablist\" >\n\t\t\t\t\t\t\t\t\t<div id=\"elementor-tab-title-1221\" class=\"elementor-tab-title elementor-tab-desktop-title\" aria-selected=\"true\" data-tab=\"1\" role=\"tab\" tabindex=\"0\" aria-controls=\"elementor-tab-content-1221\" aria-expanded=\"false\">JUEVES 20 de noviembre de 2025<\/div>\n\t\t\t\t\t\t\t\t\t<div id=\"elementor-tab-title-1222\" class=\"elementor-tab-title elementor-tab-desktop-title\" aria-selected=\"false\" data-tab=\"2\" role=\"tab\" tabindex=\"-1\" aria-controls=\"elementor-tab-content-1222\" aria-expanded=\"false\">VIERNES 21<\/div>\n\t\t\t\t\t\t\t\t\t<div id=\"elementor-tab-title-1223\" class=\"elementor-tab-title elementor-tab-desktop-title\" aria-selected=\"false\" data-tab=\"3\" role=\"tab\" tabindex=\"-1\" aria-controls=\"elementor-tab-content-1223\" aria-expanded=\"false\">S\u00c1BADO 22<\/div>\n\t\t\t\t\t\t\t<\/div>\n\t\t\t<div class=\"elementor-tabs-content-wrapper\" role=\"tablist\" aria-orientation=\"vertical\">\n\t\t\t\t\t\t\t\t\t<div class=\"elementor-tab-title elementor-tab-mobile-title\" aria-selected=\"true\" data-tab=\"1\" role=\"tab\" tabindex=\"0\" aria-controls=\"elementor-tab-content-1221\" aria-expanded=\"false\">JUEVES 20 de noviembre de 2025<\/div>\n\t\t\t\t\t<div id=\"elementor-tab-content-1221\" class=\"elementor-tab-content elementor-clearfix\" data-tab=\"1\" role=\"tabpanel\" aria-labelledby=\"elementor-tab-title-1221\" tabindex=\"0\" hidden=\"false\"><p><span style=\"color: #b80d00;\"><strong>10.00-19.00 H\u00a0\u00a0 PREMIO MEJOR CONDUCTOR DE AUTOCARES DE ESPA\u00d1A, DE EUROPA Y DEL MUNDO EXPOBUS 2025<\/strong><\/span><\/p><ul><li><em>Patrocinador principal:<\/em><strong> MAN<\/strong><\/li><\/ul><ul><li>Patrocinadores destacados:<strong> Sindicato Libre de Transporte (SLT) y PROFORMATRANS<\/strong><\/li><\/ul><ul><li><em>Coordina:<\/em><strong> CARRIL BUS<\/strong><\/li><\/ul><p>Pruebas te\u00f3ricas y pr\u00e1cticas<\/p><p><em>Lugar: tri\u00e1ngulo<\/em><\/p><p><span style=\"color: #b80d00;\"><strong>10.00-19.00 H\u00a0\u00a0 CIRCUITO DE PRUEBAS DE AUTOBUSES<\/strong><\/span><\/p><p>Durante el horario de celebraci\u00f3n de la feria, se pondr\u00e1n a disposici\u00f3n de los interesados los siguientes modelos de autobuses que podr\u00e1n probar en un circuito<\/p><ul><li>ITT Isuzu Bus<br \/>Modelo: Isuzu TURQUOISE<\/li><li>SCANIA<br \/>Modelo: Nuevo SCANIA H\u00edbrido Enchufable (PHEV)<\/li><li>VDL Bus &amp; Coach Espa\u00f1a<br \/>Modelo: VDL Futura FHD2<\/li><li>MOBILITY BUS<br \/>Modelo: Microb\u00fas Ford Transit<\/li><\/ul><p><em>Lugar de salida: lateral pabell\u00f3n 1<\/em><\/p><p><strong><span style=\"color: #b80d00;\">10.00-11.45 H\u00a0\u00a0 ASAMBLEA DE TRANSGACAR, miembro de CONFEBUS<\/span> <em>(evento privado)<\/em><\/strong><\/p><p>Lugar: sala Club del Expositor. Primera planta pabellones 1 y 2<\/p><p><span style=\"color: #b80d00;\"><strong>10.30 H\u00a0 JORNADA T\u00c9CNICA \u201cCERTIFICADOS DE AHORRO ENERG\u00c9TICO (CAEs). APLICACI\u00d3N EN EL TRANSPORTE DE VIAJEROS POR CARRETERA\u201d, <em>ORGANIZADA POR ANETRA &#8211; ASOCIACI\u00d3N NACIONAL DE EMPRESARIOS DE TRANSPORTES EN AUTOCARES<\/em><\/strong><\/span><\/p><p><strong><em>\u00a0<\/em><\/strong><strong>10.30 h: Bienvenida<\/strong><\/p><ul><li><em><strong>Luis \u00c1ngel Pedrero<\/strong><\/em><br \/>Presidente de ANETRA<\/li><\/ul><p><strong>10.35 h: PONENCIA: \u00bfQU\u00c9 SON LOS CAEs?<\/strong><\/p><p><strong>\u00a0<\/strong><strong><em>Ponente:<\/em><\/strong><\/p><ul><li><p><em><strong>Em\u00e9rito Freire Sambade<\/strong><\/em><br \/>Director del Departamento de Coordinaci\u00f3n de Eficiencia Energ\u00e9tica en el Sector P\u00fablico del INEGA &#8211; INSTITUTO ENERX\u00c9TICO DE GALICIA<\/p><\/li><\/ul><p><strong>10.50 h: MESA REDONDA: FICHAS CAEs PARA TRANSPORTE<\/strong><\/p><p><strong><em>Ponentes:<\/em><\/strong><\/p><ul><li><em><strong>Ignacio Bendala,<\/strong> <\/em>MAN Truck &amp; Bus<\/li><li><strong><em>Juan Blanch<\/em><\/strong>, ZF<\/li><li><em><strong>David Montesinos<\/strong><\/em>, Neum\u00e1ticos Soledad<\/li><\/ul><p><strong><em>Moderador:<\/em><\/strong><\/p><ul><li><em><strong>Ra\u00fal Gonz\u00e1lez<\/strong><\/em>, Somos Movilidad<\/li><\/ul><p><strong>11.15 h: PRESENTACI\u00d3N PROYECTO ANETRA: FICHA CAEs PARA TRANSPORTE RUE<\/strong><\/p><p><strong><em>Ponente:<\/em><\/strong><\/p><ul><li><em><strong>Rodrigo L\u00f3pez<\/strong><\/em><br \/>Head of Origination Energy Efficiency STX<\/li><\/ul><p><strong>11.25 h: CLAUSURA DE LA JORNADA<\/strong><\/p><ul><li><em><strong>Elena Mar\u00eda Atance<\/strong><\/em><br \/>Directora General de Transporte por Carretera y Ferrocarril<br \/>MINISTERIO DE TRANSPORTE Y MOVILIDAD SOSTENIBLE<\/li><\/ul><p><em>Lugar: sala conferencias. Pabell\u00f3n 2<\/em><\/p><p><span style=\"color: #b80d00;\"><strong>11.00-13.00 H\u00a0\u00a0 TALLER DE \u201cROTULACI\u00d3N DE AUTOBUSES\u201d, <em>ORGANIZADO POR EXPOB\u00daS CON LA COLABORACI\u00d3N DE C&amp;S DISE\u00d1O Y ROTULACI\u00d3N<\/em><\/strong><\/span><\/p><p><em>Lugar: stand A21. Pabell\u00f3n 2<\/em><\/p><p><span style=\"color: #b80d00;\"><strong>12.00 H\u00a0 INAUGURACI\u00d3N OFICIAL DE EXPOB\u00daS 2025<\/strong><\/span><\/p><p><strong>\u00a0<\/strong><em>Lugar: pabell\u00f3n 1<\/em><\/p><p><span style=\"color: #b80d00;\"><strong>16.00 H\u00a0 JORNADA T\u00c9CNICA \u201cEL DUMPING SOCIAL. BARRERAS A LA COMPETENCIA POR EL MERCADO\u201d, <em>ORGANIZADA POR DIREBUS<\/em> <\/strong><\/span><\/p><p><strong>\u00a0<\/strong><strong><em>Ponente:<\/em><\/strong><\/p><ul><li><em><strong>Alfonso Taborda<\/strong><\/em><br \/>Presidente<br \/>DIREBUS<\/li><\/ul><p><em>Lugar: sala conferencias. Pabell\u00f3n 2<\/em><\/p><p><span style=\"color: #b80d00;\"><strong>16.00-18.00 H\u00a0\u00a0 TALLER DE \u201cROTULACI\u00d3N DE AUTOBUSES\u201d, <em>ORGANIZADO POR EXPOB\u00daS CON LA COLABORACI\u00d3N DE C&amp;S DISE\u00d1O Y ROTULACI\u00d3N<\/em><\/strong><\/span><\/p><p><em>Lugar: stand A21. Pabell\u00f3n 2<\/em><\/p><p><span style=\"color: #b80d00;\"><strong>16.30 H\u00a0 \u00a0JORNADA T\u00c9CNICA \u201cLA DECISI\u00d3N ESTRAT\u00c9GICA M\u00c1S IMPORTANTE DE LA EMPRESA FAMILIAR: \u00bfCONTINUAR O VENDER?\u201d, <em>ORGANIZADA POR EXPOBUS<\/em><\/strong><\/span><\/p><p><strong>16.30 h: El proceso de reflexi\u00f3n estrat\u00e9gica en la empresa familiar ante la\u00a0\u00a0 incertidumbre del entorno econ\u00f3mico.<\/strong><\/p><p><strong>\u00a0<\/strong><strong>17.00 h: \u00bfCu\u00e1nto vale nuestra empresa familiar? Crecimiento inorg\u00e1nico y no continuidad de ramas familiares.<\/strong><\/p><p><strong><em>Ponentes:<\/em><\/strong><\/p><ul><li><em><strong>Javier Fuentes Ram\u00edrez<\/strong><\/em><br \/>Doctor Sobresaliente Cum Laude en Ciencias Empresariales<br \/>M\u00e1s de 20 a\u00f1os de experiencia en el sector del transporte<br \/>Socio-Director General GRUPO ARTE SOLUCIONES CREATIVAS<\/li><li><em><strong>Diego Garrido Heredia<\/strong><\/em><br \/>Licenciado en Derecho<br \/>M\u00e1s de 20 a\u00f1os de experiencia como consultor de empresas<br \/>Socio-Director Comercial GRUPO ARTE SOLUCIONES CREATIVAS<\/li><\/ul><p style=\"font-weight: 400;\"><span style=\"text-decoration: underline;\"><strong>Inscripci\u00f3n gratuita:<\/strong><\/span><br \/><a href=\"mailto:dgarrido@artesolucionescreativas.com\">dgarrido@artesolucionescreativas.com<\/a>\u00a0\u00a0<br \/><a href=\"mailto:mayte@carrilbus.com\">mayte@carrilbus.com<\/a><\/p><p><em>Lugar: sala conferencias. Pabell\u00f3n 2<\/em><\/p><\/div>\n\t\t\t\t\t\t\t\t\t<div class=\"elementor-tab-title elementor-tab-mobile-title\" aria-selected=\"false\" data-tab=\"2\" role=\"tab\" tabindex=\"-1\" aria-controls=\"elementor-tab-content-1222\" aria-expanded=\"false\">VIERNES 21<\/div>\n\t\t\t\t\t<div id=\"elementor-tab-content-1222\" class=\"elementor-tab-content elementor-clearfix\" data-tab=\"2\" role=\"tabpanel\" aria-labelledby=\"elementor-tab-title-1222\" tabindex=\"0\" hidden=\"hidden\"><p><span style=\"color: #b80d00;\"><strong>10.00-19.00 H\u00a0\u00a0 PREMIO MEJOR CONDUCTOR DE AUTOCARES DE ESPA\u00d1A, DE EUROPA Y DEL MUNDO EXPOBUS 2025<\/strong><\/span><\/p><ul><li><em>Patrocinador principal:<\/em><strong> MAN<\/strong><\/li><\/ul><ul><li>Patrocinadores destacados:<strong> Sindicato Libre de Transporte (SLT) y PROFORMATRANS<\/strong><\/li><\/ul><ul><li><em>Coordina:<\/em><strong> CARRIL BUS<\/strong><\/li><\/ul><p>Pruebas te\u00f3ricas y pr\u00e1cticas<\/p><p><em>Lugar: tri\u00e1ngulo<\/em><\/p><p><span style=\"color: #b80d00;\"><strong>10.00-19.00 H\u00a0\u00a0 CIRCUITO DE PRUEBAS DE AUTOBUSES<\/strong><\/span><\/p><p>Durante el horario de celebraci\u00f3n de la feria, se pondr\u00e1n a disposici\u00f3n de los interesados los siguientes modelos de autobuses que podr\u00e1n probar en un circuito dise\u00f1ado para ello:<\/p><ul><li>ITT Isuzu Bus<br \/>Modelo: Isuzu TURQUOISE<\/li><li>SCANIA<br \/>Modelo: Nuevo SCANIA H\u00edbrido Enchufable (PHEV)<\/li><li>VDL Bus &amp; Coach Espa\u00f1a<br \/>Modelo: VDL Futura FHD2<\/li><li>MOBILITY BUS<br \/>Modelo: Microb\u00fas Ford Transit<\/li><\/ul><p><em>Lugar de salida: lateral pabell\u00f3n 1<\/em><\/p><p><span style=\"color: #b80d00;\"><strong>10.30 H\u00a0 \u00a0JORNADAS T\u00c9CNICAS EXPOB\u00daS 2025: \u201cLA APLICACI\u00d3N DE LA IA EN EL TRANSPORTE P\u00daBLICO DE VIAJEROS Y LA MOVILIDAD. HACIA D\u00d3NDE VAMOS\u201d, <em>ORGANIZADA POR EXPOBUS<\/em><\/strong><\/span><\/p><p><strong>10.30 h.\u00a0 BIENVENIDA Y PRESENTACI\u00d3N DE LA JORNADA <\/strong><\/p><ul><li><em><strong>Pablo Alejandro Amenedo Berm\u00fadez<\/strong><\/em><br \/>Subdirector Xeral de Ordenaci\u00f3n do Transporte<br \/>XUNTA DE GALICIA<\/li><li><em><strong>Ricardo Jos\u00e9 Dur\u00e1n Rodr\u00edguez<\/strong><\/em><br \/>Director General<br \/>FUNDACI\u00d3N SEMANA VERDE DE GALICIA<\/li><\/ul><p><span style=\"color: #b80d00;\"><strong>10.45 h.\u00a0 \u201cLOS RETOS DE LA IA EN EL TRANSPORTE P\u00daBLICO DE VIAJEROS\u201d<\/strong><\/span><\/p><p><strong>10.45-11.00 h:<\/strong> <strong>Primera ponencia<\/strong>: <strong>\u201cRedefiniendo la movilidad: El impacto transformador de la IA en el transporte de personas\u201d.<\/strong><\/p><ul><li><em><strong>Carlos Acha<\/strong><\/em><br \/>Director de Innovaci\u00f3n y Tecnolog\u00eda<br \/>EMT MADRID<\/li><\/ul><p><strong>11.00-11.15 h:<\/strong> <strong>Segunda ponencia:<\/strong> \u201c<strong>La movilidad personalizada gracias a la IA. Las tecnolog\u00edas avanzan para lograr un transporte a la medida de las necesidades reales de la poblaci\u00f3n\u201d.<\/strong><\/p><ul><li><em><strong>Salo Taboada<\/strong><\/em><br \/>Business Development Espa\u00f1a<br \/>NEMI MOBILITY SOLUTIONS<\/li><\/ul><p><strong>11.15-11.30 h<\/strong>: <strong>Tercera ponencia<\/strong>:<strong> \u201cAs\u00ed es el futuro del pago del transporte p\u00fablico\u201d.<\/strong><\/p><ul><li><span style=\"color: #b80d00;\"><em><strong>Jos\u00e9 Francisco Martin<\/strong><\/em><\/span><br \/>CEO<br \/>BUSMATICK<\/li><\/ul><p>Inscripci\u00f3n gratuita:\u00a0<a href=\"mailto:redaccion@carrilbus.com\" target=\"_blank\" rel=\"noopener\">redaccion@carrilbus.<wbr \/>com<\/a><\/p><p><em>Lugar: sala conferencias. Pabell\u00f3n 2<\/em><\/p><p><span style=\"color: #b80d00;\"><strong>11.00-13.00 H\u00a0\u00a0 TALLER DE \u201cROTULACI\u00d3N DE AUTOBUSES\u201d, <em>ORGANIZADO POR EXPOB\u00daS CON LA COLABORACI\u00d3N DE C&amp;S DISE\u00d1O Y ROTULACI\u00d3N<\/em><\/strong><\/span><\/p><p><em>Lugar: stand A21. Pabell\u00f3n 2<\/em><\/p><p><span style=\"color: #b80d00;\"><strong>13.00 H\u00a0 \u00a0ASAMBLEA FEGAB\u00daS <\/strong><\/span><\/p><p><em>Lugar: sala reuniones Club del Expositor. Primera planta pabellones 1 y 2<\/em><\/p><p><span style=\"color: #b80d00;\"><strong>16.00-18.00 H\u00a0\u00a0 TALLER DE \u201cROTULACI\u00d3N DE AUTOBUSES\u201d, <em>ORGANIZADO POR EXPOB\u00daS CON LA COLABORACI\u00d3N DE C&amp;S DISE\u00d1O Y ROTULACI\u00d3N<\/em><\/strong><\/span><\/p><p><em>Lugar: stand A21. Pabell\u00f3n 2<\/em><\/p><\/div>\n\t\t\t\t\t\t\t\t\t<div class=\"elementor-tab-title elementor-tab-mobile-title\" aria-selected=\"false\" data-tab=\"3\" role=\"tab\" tabindex=\"-1\" aria-controls=\"elementor-tab-content-1223\" aria-expanded=\"false\">S\u00c1BADO 22<\/div>\n\t\t\t\t\t<div id=\"elementor-tab-content-1223\" class=\"elementor-tab-content elementor-clearfix\" data-tab=\"3\" role=\"tabpanel\" aria-labelledby=\"elementor-tab-title-1223\" tabindex=\"0\" hidden=\"hidden\"><p><span style=\"color: #b80d00;\"><strong>10.00-16.00 H\u00a0\u00a0 CIRCUITO DE PRUEBAS DE AUTOBUSES<\/strong><\/span><\/p><p>Durante el horario de celebraci\u00f3n de la feria, se pondr\u00e1n a disposici\u00f3n de los interesados los siguientes modelos de autobuses que podr\u00e1n probar en un circuito dise\u00f1ado para ello:<\/p><ul><li>ITT Isuzu Bus<br \/>Modelo: Isuzu TURQUOISE<\/li><li>SCANIA<br \/>Modelo: Nuevo SCANIA H\u00edbrido Enchufable (PHEV)<\/li><li>VDL Bus &amp; Coach Espa\u00f1a<br \/>Modelo: VDL Futura FHD2<\/li><li>MOBILITY BUS<br \/>Modelo: Microb\u00fas Ford Transit<\/li><\/ul><p><em>Lugar de salida: lateral pabell\u00f3n 1<\/em><\/p><p><span style=\"color: #b80d00;\"><strong>10.00-13.00 H\u00a0\u00a0 PREMIO MEJOR CONDUCTOR DE AUTOCARES DE ESPA\u00d1A, DE EUROPA Y DEL MUNDO EXPOBUS 2025<\/strong><\/span><\/p><ul><li><em>Patrocinador principal:<\/em><strong> MAN<\/strong><\/li><\/ul><ul><li>Patrocinadores destacados:<strong> Sindicato Libre de Transporte (SLT) y PROFORMATRANS<\/strong><\/li><\/ul><ul><li><em>Coordina:<\/em><strong> CARRIL BUS<\/strong><\/li><\/ul><p>Pruebas te\u00f3ricas y pr\u00e1cticas<\/p><p><em>Lugar: tri\u00e1ngulo<\/em><\/p><p><span style=\"color: #b80d00;\"><strong>14.00 H\u00a0 \u00a0ENTREGA DE PREMIOS \u201cMEJOR CONDUCTOR DE AUTOCARES DE ESPA\u00d1A, DE EUROPA Y DEL MUNDO EXPOBUS 2025\u201d<\/strong><\/span><\/p><ul><li><em>Patrocinador principal:<\/em><strong> MAN<\/strong><\/li><\/ul><ul><li>Patrocinadores destacados:<strong> Sindicato Libre de Transporte (SLT) y PROFORMATRANS<\/strong><\/li><\/ul><ul><li><em>Coordina:<\/em><strong> CARRIL BUS<\/strong><\/li><\/ul><p>&#8211; Acto de entrega de premios y distinciones de los Concursos<br \/>&#8211; C\u00f3ctel<\/p><p><em>Lugar: sala conferencias. Pabell\u00f3n 2<\/em><\/p><\/div>\n\t\t\t\t\t\t\t<\/div>\n\t\t<\/div>\n\t\t\t\t<\/div>\n\t\t\t\t<\/div>\n\t\t\t\t\t<\/div>\n\t\t<\/div>\n\t\t\t\t\t\t\t<\/div>\n\t\t<\/section>\n\t\t\t\t<section class=\"elementor-section elementor-top-section elementor-element elementor-element-de9a50d elementor-section-full_width elementor-section-height-min-height elementor-section-items-stretch elementor-section-height-default\" data-id=\"de9a50d\" data-element_type=\"section\">\n\t\t\t\t\t\t<div class=\"elementor-container elementor-column-gap-no\">\n\t\t\t\t\t<div class=\"elementor-column elementor-col-50 elementor-top-column elementor-element elementor-element-9c40bc4 elementor-invisible\" data-id=\"9c40bc4\" data-element_type=\"column\" data-settings=\"{&quot;animation&quot;:&quot;fadeInLeft&quot;,&quot;animation_delay&quot;:100,&quot;animation_tablet&quot;:&quot;none&quot;}\">\n\t\t\t<div class=\"elementor-widget-wrap elementor-element-populated\">\n\t\t\t\t\t\t\t\t<div class=\"elementor-element elementor-element-a98f1fd sedexpo-heading-underline elementor-widget-tablet__width-inherit elementor-widget elementor-widget-heading\" data-id=\"a98f1fd\" data-element_type=\"widget\" data-widget_type=\"heading.default\">\n\t\t\t\t<div class=\"elementor-widget-container\">\n\t\t\t<h2 class=\"elementor-heading-title elementor-size-default\">PREMIO AO MELLOR CONDUTOR DE AUTOCARES DE ESPA\u00d1A - europa - mundo 2025 <\/h2>\t\t<\/div>\n\t\t\t\t<\/div>\n\t\t\t\t<div class=\"elementor-element elementor-element-5ac1e6d elementor-widget-tablet__width-inherit elementor-widget__width-initial elementor-widget elementor-widget-text-editor\" data-id=\"5ac1e6d\" data-element_type=\"widget\" data-widget_type=\"text-editor.default\">\n\t\t\t\t<div class=\"elementor-widget-container\">\n\t\t\t\t\t\t\t<p>O certame acoller\u00e1 de novo unha proposta con gran atractivo: unha rifada competici\u00f3n entre profesionais do autocar procedentes de todo o mundo. Cunhas instalaci\u00f3ns \u00fanicas para a celebraci\u00f3n deste campionato, durante todo o xoves, venres e a ma\u00f1\u00e1 do s\u00e1bado faranse numerosas probas t\u00e9cnicas e avaliaranse \u00edtems tan diversos como o trato co viaxeiro e coa equipaxe, a suavidade na conduci\u00f3n, o control das reacci\u00f3ns, a anticipaci\u00f3n ou os h\u00e1bitos na conduci\u00f3n. A cerimonia de entrega de premios \u00e9 o broche de ouro da feira.\u00a0<\/p><p style=\"text-align: center;\"><b><i>Se es o mellor dos condutores e aceptas o noso reto:<\/i><\/b><\/p><p style=\"text-align: center;\">&gt;\u00a0<b><a style=\"font-size: 1.1rem; letter-spacing: -0.3px; background-color: var(--base-3);\" href=\"https:\/\/www.expobusiberia.com\/concurso_mejor_conductor.pdf\" target=\"_blank\" rel=\"noopener\">DESCARGA AQU\u00cd AS BASES DE PARTICIPACI\u00d3N<\/a>\u00a0<\/b><\/p><p style=\"text-align: center;\"><b>Patrocinador principal:<br \/>\u00a0<\/b><a href=\"ttps:\/\/www.man.eu\/es\" target=\"_blank\" rel=\"noopener\"><img loading=\"lazy\" decoding=\"async\" style=\"color: var( --e-global-color-text ); font-size: 17.6px; letter-spacing: -0.3px; background-color: var(--base-3);\" src=\"https:\/\/www.expobusiberia.com\/wp-content\/uploads\/2023\/09\/Logo_MAN-300x167.png\" alt=\"\" width=\"267\" height=\"140\" \/><\/a><\/p><p style=\"text-align: center;\"><span style=\"font-weight: bold; font-size: 17.6px; letter-spacing: -0.3px;\">Patrocinadores destacados:<br \/><a href=\"https:\/\/sindicatolibredetransporte.com\/\" target=\"_blank\" rel=\"noopener\"><img loading=\"lazy\" decoding=\"async\" class=\"alignnone wp-image-4880\" src=\"https:\/\/www.expobusiberia.com\/wp-content\/uploads\/2025\/11\/logo-sindicato-libre-de-transporte-300x152.jpg\" alt=\"\" width=\"200\" height=\"101\" srcset=\"https:\/\/www.expobusiberia.com\/wp-content\/uploads\/2025\/11\/logo-sindicato-libre-de-transporte-300x152.jpg 300w, https:\/\/www.expobusiberia.com\/wp-content\/uploads\/2025\/11\/logo-sindicato-libre-de-transporte-1024x519.jpg 1024w, https:\/\/www.expobusiberia.com\/wp-content\/uploads\/2025\/11\/logo-sindicato-libre-de-transporte-768x389.jpg 768w, https:\/\/www.expobusiberia.com\/wp-content\/uploads\/2025\/11\/logo-sindicato-libre-de-transporte-1536x779.jpg 1536w, https:\/\/www.expobusiberia.com\/wp-content\/uploads\/2025\/11\/logo-sindicato-libre-de-transporte.jpg 1600w\" sizes=\"auto, (max-width: 200px) 100vw, 200px\" \/><\/a>\u00a0 \u00a0 \u00a0 <a href=\"https:\/\/proformatrans.org\/\" target=\"_blank\" rel=\"noopener\"><img loading=\"lazy\" decoding=\"async\" class=\"alignnone wp-image-4883\" src=\"https:\/\/www.expobusiberia.com\/wp-content\/uploads\/2025\/11\/Logo-Proformatrans-300x38.jpg\" alt=\"\" width=\"200\" height=\"25\" srcset=\"https:\/\/www.expobusiberia.com\/wp-content\/uploads\/2025\/11\/Logo-Proformatrans-300x38.jpg 300w, https:\/\/www.expobusiberia.com\/wp-content\/uploads\/2025\/11\/Logo-Proformatrans-768x98.jpg 768w, https:\/\/www.expobusiberia.com\/wp-content\/uploads\/2025\/11\/Logo-Proformatrans.jpg 918w\" sizes=\"auto, (max-width: 200px) 100vw, 200px\" \/><\/a><\/span><\/p><p style=\"text-align: center;\"><b>Coordina:<br \/>\u00a0<a href=\"https:\/\/carrilbus.com\/\" target=\"_blank\" rel=\"noopener\"><img loading=\"lazy\" decoding=\"async\" src=\"https:\/\/www.expobusiberia.com\/wp-content\/uploads\/2025\/07\/carrilbus-1-300x87.jpg\" alt=\"\" width=\"300\" height=\"87\" \/><\/a><\/b><\/p>\t\t\t\t\t\t<\/div>\n\t\t\t\t<\/div>\n\t\t\t\t\t<\/div>\n\t\t<\/div>\n\t\t\t\t<div class=\"elementor-column elementor-col-50 elementor-top-column elementor-element elementor-element-2d431fb elementor-invisible\" data-id=\"2d431fb\" data-element_type=\"column\" data-settings=\"{&quot;background_background&quot;:&quot;classic&quot;,&quot;animation&quot;:&quot;fadeInRight&quot;,&quot;animation_delay&quot;:100,&quot;animation_tablet&quot;:&quot;none&quot;}\">\n\t\t\t<div class=\"elementor-widget-wrap elementor-element-populated\">\n\t\t\t\t\t\t\t\t<div class=\"elementor-element elementor-element-9e2e0bd elementor-hidden-desktop elementor-widget elementor-widget-spacer\" data-id=\"9e2e0bd\" data-element_type=\"widget\" data-widget_type=\"spacer.default\">\n\t\t\t\t<div class=\"elementor-widget-container\">\n\t\t\t\t\t<div class=\"elementor-spacer\">\n\t\t\t<div class=\"elementor-spacer-inner\"><\/div>\n\t\t<\/div>\n\t\t\t\t<\/div>\n\t\t\t\t<\/div>\n\t\t\t\t\t<\/div>\n\t\t<\/div>\n\t\t\t\t\t\t\t<\/div>\n\t\t<\/section>\n\t\t\t\t<section class=\"elementor-section elementor-top-section elementor-element elementor-element-afd38cc elementor-section-full_width elementor-section-height-min-height elementor-section-items-stretch elementor-reverse-tablet elementor-reverse-mobile elementor-section-height-default\" data-id=\"afd38cc\" data-element_type=\"section\">\n\t\t\t\t\t\t<div class=\"elementor-container elementor-column-gap-no\">\n\t\t\t\t\t<div class=\"elementor-column elementor-col-50 elementor-top-column elementor-element elementor-element-95267ee elementor-invisible\" data-id=\"95267ee\" data-element_type=\"column\" data-settings=\"{&quot;background_background&quot;:&quot;classic&quot;,&quot;animation&quot;:&quot;fadeInLeft&quot;,&quot;animation_delay&quot;:100,&quot;animation_tablet&quot;:&quot;none&quot;}\">\n\t\t\t<div class=\"elementor-widget-wrap elementor-element-populated\">\n\t\t\t\t\t\t\t\t<div class=\"elementor-element elementor-element-0130027 elementor-hidden-desktop elementor-widget elementor-widget-spacer\" data-id=\"0130027\" data-element_type=\"widget\" data-widget_type=\"spacer.default\">\n\t\t\t\t<div class=\"elementor-widget-container\">\n\t\t\t\t\t<div class=\"elementor-spacer\">\n\t\t\t<div class=\"elementor-spacer-inner\"><\/div>\n\t\t<\/div>\n\t\t\t\t<\/div>\n\t\t\t\t<\/div>\n\t\t\t\t\t<\/div>\n\t\t<\/div>\n\t\t\t\t<div class=\"elementor-column elementor-col-50 elementor-top-column elementor-element elementor-element-bb5efa5 elementor-invisible\" data-id=\"bb5efa5\" data-element_type=\"column\" data-settings=\"{&quot;animation&quot;:&quot;fadeInRight&quot;,&quot;animation_delay&quot;:100,&quot;animation_tablet&quot;:&quot;none&quot;}\">\n\t\t\t<div class=\"elementor-widget-wrap elementor-element-populated\">\n\t\t\t\t\t\t\t\t<div class=\"elementor-element elementor-element-7249179 sedexpo-heading-underline elementor-widget-tablet__width-inherit elementor-widget elementor-widget-heading\" data-id=\"7249179\" data-element_type=\"widget\" data-widget_type=\"heading.default\">\n\t\t\t\t<div class=\"elementor-widget-container\">\n\t\t\t<h2 class=\"elementor-heading-title elementor-size-default\">AMPLO PROGRAMA \nDE xORNADAS e TALLERES<\/h2>\t\t<\/div>\n\t\t\t\t<\/div>\n\t\t\t\t<div class=\"elementor-element elementor-element-1e2083a elementor-widget-tablet__width-inherit elementor-widget elementor-widget-text-editor\" data-id=\"1e2083a\" data-element_type=\"widget\" data-widget_type=\"text-editor.default\">\n\t\t\t\t<div class=\"elementor-widget-container\">\n\t\t\t\t\t\t\t<p>Os tres d\u00edas de feira ofrecen ao visitante profesional un completo programa de conferencias, talleres e seminarios no que poder formarse e co\u00f1ecer de primeira man todas as tendencias do sector, as novidades e innovaci\u00f3ns m\u00e1is destacadas, os cambios previstos para os pr\u00f3ximos anos, as ferramentas m\u00e1is actuais &#8230;<\/p>\t\t\t\t\t\t<\/div>\n\t\t\t\t<\/div>\n\t\t\t\t\t<\/div>\n\t\t<\/div>\n\t\t\t\t\t\t\t<\/div>\n\t\t<\/section>\n\t\t\t\t<section class=\"elementor-section elementor-top-section elementor-element elementor-element-c1350bb elementor-section-full_width elementor-section-height-min-height elementor-section-items-stretch elementor-section-height-default\" data-id=\"c1350bb\" data-element_type=\"section\">\n\t\t\t\t\t\t<div class=\"elementor-container elementor-column-gap-no\">\n\t\t\t\t\t<div class=\"elementor-column elementor-col-50 elementor-top-column elementor-element elementor-element-f40a3ff elementor-invisible\" data-id=\"f40a3ff\" data-element_type=\"column\" data-settings=\"{&quot;animation&quot;:&quot;fadeInLeft&quot;,&quot;animation_delay&quot;:100,&quot;animation_tablet&quot;:&quot;none&quot;}\">\n\t\t\t<div class=\"elementor-widget-wrap elementor-element-populated\">\n\t\t\t\t\t\t\t\t<div class=\"elementor-element elementor-element-6e864ab sedexpo-heading-underline elementor-widget-tablet__width-inherit elementor-widget elementor-widget-heading\" data-id=\"6e864ab\" data-element_type=\"widget\" data-widget_type=\"heading.default\">\n\t\t\t\t<div class=\"elementor-widget-container\">\n\t\t\t<h2 class=\"elementor-heading-title elementor-size-default\">ACTIVIDADES NOS DIFERENTES STANDS<\/h2>\t\t<\/div>\n\t\t\t\t<\/div>\n\t\t\t\t<div class=\"elementor-element elementor-element-58f5538 elementor-widget-tablet__width-inherit elementor-widget elementor-widget-text-editor\" data-id=\"58f5538\" data-element_type=\"widget\" data-widget_type=\"text-editor.default\">\n\t\t\t\t<div class=\"elementor-widget-container\">\n\t\t\t\t\t\t\t<p>Numerosos expositores aproveitar\u00e1n o importante impacto medi\u00e1tico da feira para realizar acci\u00f3ns promocionais ou actos corporativos durante o desenvolvemento de Expobus Iberia. A feira conv\u00e9rtese nun fabuloso altofalante para a organizaci\u00f3n de asembleas e xuntas, entregas de distinci\u00f3ns, firmas de convenios, celebraci\u00f3n de aniversarios &#8230; Trasl\u00e1danos a t\u00faa idea e estaremos encantados de facer que se transforme nunha realidade.\u00a0<\/p>\t\t\t\t\t\t<\/div>\n\t\t\t\t<\/div>\n\t\t\t\t\t<\/div>\n\t\t<\/div>\n\t\t\t\t<div class=\"elementor-column elementor-col-50 elementor-top-column elementor-element elementor-element-670320a elementor-invisible\" data-id=\"670320a\" data-element_type=\"column\" data-settings=\"{&quot;background_background&quot;:&quot;classic&quot;,&quot;animation&quot;:&quot;fadeInRight&quot;,&quot;animation_delay&quot;:100,&quot;animation_tablet&quot;:&quot;none&quot;}\">\n\t\t\t<div class=\"elementor-widget-wrap elementor-element-populated\">\n\t\t\t\t\t\t\t\t<div class=\"elementor-element elementor-element-5bfff0c elementor-hidden-desktop elementor-widget elementor-widget-spacer\" data-id=\"5bfff0c\" data-element_type=\"widget\" data-widget_type=\"spacer.default\">\n\t\t\t\t<div class=\"elementor-widget-container\">\n\t\t\t\t\t<div class=\"elementor-spacer\">\n\t\t\t<div class=\"elementor-spacer-inner\"><\/div>\n\t\t<\/div>\n\t\t\t\t<\/div>\n\t\t\t\t<\/div>\n\t\t\t\t\t<\/div>\n\t\t<\/div>\n\t\t\t\t\t\t\t<\/div>\n\t\t<\/section>\n\t\t\t\t<section class=\"elementor-section elementor-top-section elementor-element elementor-element-35d88a9 elementor-section-full_width elementor-section-height-min-height elementor-section-items-stretch elementor-reverse-tablet elementor-reverse-mobile elementor-section-height-default\" data-id=\"35d88a9\" data-element_type=\"section\">\n\t\t\t\t\t\t<div class=\"elementor-container elementor-column-gap-no\">\n\t\t\t\t\t<div class=\"elementor-column elementor-col-50 elementor-top-column elementor-element elementor-element-065f222 elementor-invisible\" data-id=\"065f222\" data-element_type=\"column\" data-settings=\"{&quot;background_background&quot;:&quot;classic&quot;,&quot;animation&quot;:&quot;fadeInLeft&quot;,&quot;animation_delay&quot;:100,&quot;animation_tablet&quot;:&quot;none&quot;}\">\n\t\t\t<div class=\"elementor-widget-wrap elementor-element-populated\">\n\t\t\t\t\t\t\t\t<div class=\"elementor-element elementor-element-756c2e8 elementor-hidden-desktop elementor-widget elementor-widget-spacer\" data-id=\"756c2e8\" data-element_type=\"widget\" data-widget_type=\"spacer.default\">\n\t\t\t\t<div class=\"elementor-widget-container\">\n\t\t\t\t\t<div class=\"elementor-spacer\">\n\t\t\t<div class=\"elementor-spacer-inner\"><\/div>\n\t\t<\/div>\n\t\t\t\t<\/div>\n\t\t\t\t<\/div>\n\t\t\t\t\t<\/div>\n\t\t<\/div>\n\t\t\t\t<div class=\"elementor-column elementor-col-50 elementor-top-column elementor-element elementor-element-047508e elementor-invisible\" data-id=\"047508e\" data-element_type=\"column\" data-settings=\"{&quot;animation&quot;:&quot;fadeInRight&quot;,&quot;animation_delay&quot;:100,&quot;animation_tablet&quot;:&quot;none&quot;}\">\n\t\t\t<div class=\"elementor-widget-wrap elementor-element-populated\">\n\t\t\t\t\t\t\t\t<div class=\"elementor-element elementor-element-4eb0e67 sedexpo-heading-underline elementor-widget-tablet__width-inherit elementor-widget elementor-widget-heading\" data-id=\"4eb0e67\" data-element_type=\"widget\" data-widget_type=\"heading.default\">\n\t\t\t\t<div class=\"elementor-widget-container\">\n\t\t\t<h2 class=\"elementor-heading-title elementor-size-default\">EXPOSICI\u00d3N DE VEH\u00cdCULOS CL\u00c1SICOS<\/h2>\t\t<\/div>\n\t\t\t\t<\/div>\n\t\t\t\t<div class=\"elementor-element elementor-element-6219aa5 elementor-widget-tablet__width-inherit elementor-widget elementor-widget-text-editor\" data-id=\"6219aa5\" data-element_type=\"widget\" data-widget_type=\"text-editor.default\">\n\t\t\t\t<div class=\"elementor-widget-container\">\n\t\t\t\t\t\t\t<p>Expobus Iberia \u00e9 o marco ideal para mostrar unha extraordinaria exposici\u00f3n de veh\u00edculos cl\u00e1sicos, que nas anteriores citas foi todo un \u00e9xito. Calquera particular ou empresa est\u00e1 convidado a contactar connosco e participar nesta exposici\u00f3n de forma totalmente gratu\u00edta.<\/p>\t\t\t\t\t\t<\/div>\n\t\t\t\t<\/div>\n\t\t\t\t\t<\/div>\n\t\t<\/div>\n\t\t\t\t\t\t\t<\/div>\n\t\t<\/section>\n\t\t\t\t<section class=\"elementor-section elementor-top-section elementor-element elementor-element-edf08bf elementor-section-full_width elementor-section-height-min-height elementor-section-items-stretch elementor-section-height-default\" data-id=\"edf08bf\" data-element_type=\"section\">\n\t\t\t\t\t\t<div class=\"elementor-container elementor-column-gap-no\">\n\t\t\t\t\t<div class=\"elementor-column elementor-col-50 elementor-top-column elementor-element elementor-element-63dbf9f elementor-invisible\" data-id=\"63dbf9f\" data-element_type=\"column\" data-settings=\"{&quot;animation&quot;:&quot;fadeInLeft&quot;,&quot;animation_delay&quot;:100,&quot;animation_tablet&quot;:&quot;none&quot;}\">\n\t\t\t<div class=\"elementor-widget-wrap elementor-element-populated\">\n\t\t\t\t\t\t\t\t<div class=\"elementor-element elementor-element-74055df sedexpo-heading-underline elementor-widget-tablet__width-inherit elementor-widget elementor-widget-heading\" data-id=\"74055df\" data-element_type=\"widget\" data-widget_type=\"heading.default\">\n\t\t\t\t<div class=\"elementor-widget-container\">\n\t\t\t<h2 class=\"elementor-heading-title elementor-size-default\">CIRCU\u00cdTO \nDE PROBAS<\/h2>\t\t<\/div>\n\t\t\t\t<\/div>\n\t\t\t\t<div class=\"elementor-element elementor-element-3f8b405 elementor-widget-tablet__width-inherit elementor-widget elementor-widget-text-editor\" data-id=\"3f8b405\" data-element_type=\"widget\" data-widget_type=\"text-editor.default\">\n\t\t\t\t<div class=\"elementor-widget-container\">\n\t\t\t\t\t\t\t<p>Os m\u00e1is de 400.000 m2 do recinto feiral permiten dispo\u00f1er dun fant\u00e1stico circu\u00edto de probas, de forma que as empresas expositoras poidan facer uso del para mostrar os seus veh\u00edculos en funcionamento aos seus clientes interesados.<\/p>\t\t\t\t\t\t<\/div>\n\t\t\t\t<\/div>\n\t\t\t\t\t<\/div>\n\t\t<\/div>\n\t\t\t\t<div class=\"elementor-column elementor-col-50 elementor-top-column elementor-element elementor-element-51190c3 elementor-invisible\" data-id=\"51190c3\" data-element_type=\"column\" data-settings=\"{&quot;background_background&quot;:&quot;classic&quot;,&quot;animation&quot;:&quot;fadeInRight&quot;,&quot;animation_delay&quot;:100,&quot;animation_tablet&quot;:&quot;none&quot;}\">\n\t\t\t<div class=\"elementor-widget-wrap elementor-element-populated\">\n\t\t\t\t\t\t\t\t<div class=\"elementor-element elementor-element-07a7f2c elementor-hidden-desktop elementor-widget elementor-widget-spacer\" data-id=\"07a7f2c\" data-element_type=\"widget\" data-widget_type=\"spacer.default\">\n\t\t\t\t<div class=\"elementor-widget-container\">\n\t\t\t\t\t<div class=\"elementor-spacer\">\n\t\t\t<div class=\"elementor-spacer-inner\"><\/div>\n\t\t<\/div>\n\t\t\t\t<\/div>\n\t\t\t\t<\/div>\n\t\t\t\t\t<\/div>\n\t\t<\/div>\n\t\t\t\t\t\t\t<\/div>\n\t\t<\/section>\n\t\t\t\t\t\t\t<\/div>\n\t\t","protected":false},"excerpt":{"rendered":"<p>EXPOBUS IBERIA exposici\u00f3n e moito m\u00e1is Que encontrar\u00e1 o visitante? PROGRAMA DE ACTIVIDADES 2025 JUEVES 20 de noviembre de 2025 VIERNES 21 S\u00c1BADO 22 JUEVES 20 de noviembre de 2025 10.00-19.00 H\u00a0\u00a0 PREMIO MEJOR CONDUCTOR DE AUTOCARES DE ESPA\u00d1A, DE EUROPA Y DEL MUNDO EXPOBUS 2025 Patrocinador principal: MAN Patrocinadores destacados: Sindicato Libre de Transporte &#8230; <a title=\"Actividades\" class=\"read-more\" href=\"https:\/\/www.expobusiberia.com\/gl\/actividades-2\/\" aria-label=\"M\u00e1is en Actividades\">Ler m\u00e1is<\/a><\/p>\n","protected":false},"author":1,"featured_media":0,"parent":0,"menu_order":0,"comment_status":"closed","ping_status":"closed","template":"elementor_header_footer","meta":{"footnotes":""},"class_list":["post-1532","page","type-page","status-publish"],"acf":[],"_links":{"self":[{"href":"https:\/\/www.expobusiberia.com\/gl\/wp-json\/wp\/v2\/pages\/1532","targetHints":{"allow":["GET"]}}],"collection":[{"href":"https:\/\/www.expobusiberia.com\/gl\/wp-json\/wp\/v2\/pages"}],"about":[{"href":"https:\/\/www.expobusiberia.com\/gl\/wp-json\/wp\/v2\/types\/page"}],"author":[{"embeddable":true,"href":"https:\/\/www.expobusiberia.com\/gl\/wp-json\/wp\/v2\/users\/1"}],"replies":[{"embeddable":true,"href":"https:\/\/www.expobusiberia.com\/gl\/wp-json\/wp\/v2\/comments?post=1532"}],"version-history":[{"count":18,"href":"https:\/\/www.expobusiberia.com\/gl\/wp-json\/wp\/v2\/pages\/1532\/revisions"}],"predecessor-version":[{"id":5048,"href":"https:\/\/www.expobusiberia.com\/gl\/wp-json\/wp\/v2\/pages\/1532\/revisions\/5048"}],"wp:attachment":[{"href":"https:\/\/www.expobusiberia.com\/gl\/wp-json\/wp\/v2\/media?parent=1532"}],"curies":[{"name":"wp","href":"https:\/\/api.w.org\/{rel}","templated":true}]}}