{"id":1534,"date":"2022-03-10T07:51:34","date_gmt":"2022-03-10T07:51:34","guid":{"rendered":"https:\/\/www.expobusiberia.comactivities\/"},"modified":"2025-11-18T11:41:13","modified_gmt":"2025-11-18T11:41:13","slug":"activities","status":"publish","type":"page","link":"https:\/\/www.expobusiberia.com\/en\/activities\/","title":{"rendered":"Activities"},"content":{"rendered":"\t\t<div data-elementor-type=\"wp-page\" data-elementor-id=\"1534\" class=\"elementor elementor-1534 elementor-644\">\n\t\t\t\t\t\t\t\t\t<section class=\"elementor-section elementor-top-section elementor-element elementor-element-a8c86bc elementor-section-height-min-height elementor-section-boxed elementor-section-height-default elementor-section-items-middle\" data-id=\"a8c86bc\" data-element_type=\"section\" data-settings=\"{&quot;background_background&quot;:&quot;classic&quot;}\">\n\t\t\t\t\t\t<div class=\"elementor-container elementor-column-gap-default\">\n\t\t\t\t\t<div class=\"elementor-column elementor-col-100 elementor-top-column elementor-element elementor-element-73c4f51\" data-id=\"73c4f51\" data-element_type=\"column\">\n\t\t\t<div class=\"elementor-widget-wrap elementor-element-populated\">\n\t\t\t\t\t\t\t\t\t<\/div>\n\t\t<\/div>\n\t\t\t\t\t\t\t<\/div>\n\t\t<\/section>\n\t\t\t\t<section class=\"elementor-section elementor-top-section elementor-element elementor-element-50f1034 elementor-section-boxed elementor-section-height-default elementor-section-height-default\" data-id=\"50f1034\" data-element_type=\"section\">\n\t\t\t\t\t\t<div class=\"elementor-container elementor-column-gap-default\">\n\t\t\t\t\t<div class=\"elementor-column elementor-col-100 elementor-top-column elementor-element elementor-element-8ebbf16\" data-id=\"8ebbf16\" data-element_type=\"column\">\n\t\t\t<div class=\"elementor-widget-wrap elementor-element-populated\">\n\t\t\t\t\t\t\t\t<div class=\"elementor-element elementor-element-d58907a elementor-invisible elementor-widget elementor-widget-image\" data-id=\"d58907a\" data-element_type=\"widget\" data-settings=\"{&quot;_animation&quot;:&quot;fadeInUp&quot;,&quot;_animation_delay&quot;:100,&quot;_animation_tablet&quot;:&quot;none&quot;}\" data-widget_type=\"image.default\">\n\t\t\t\t<div class=\"elementor-widget-container\">\n\t\t\t\t\t\t\t\t\t\t\t\t\t\t\t<img decoding=\"async\" src=\"https:\/\/www.expobusiberia.com\/wp-content\/uploads\/elementor\/thumbs\/logo_expobus-qbpqvmsl19jlxpu4k2mspcyof7hxufvwhydtprabve.jpg\" title=\"logo_expobus.jpg\" alt=\"logo_expobus.jpg\" loading=\"lazy\" \/>\t\t\t\t\t\t\t\t\t\t\t\t\t\t\t<\/div>\n\t\t\t\t<\/div>\n\t\t\t\t<div class=\"elementor-element elementor-element-2c47fde elementor-invisible elementor-widget elementor-widget-heading\" data-id=\"2c47fde\" data-element_type=\"widget\" data-settings=\"{&quot;_animation&quot;:&quot;fadeInUp&quot;,&quot;_animation_delay&quot;:100,&quot;_animation_tablet&quot;:&quot;none&quot;}\" data-widget_type=\"heading.default\">\n\t\t\t\t<div class=\"elementor-widget-container\">\n\t\t\t<h2 class=\"elementor-heading-title elementor-size-default\">EXPOBUS IBERIA<\/h2>\t\t<\/div>\n\t\t\t\t<\/div>\n\t\t\t\t<div class=\"elementor-element elementor-element-58c9a4b elementor-invisible elementor-widget elementor-widget-heading\" data-id=\"58c9a4b\" data-element_type=\"widget\" data-settings=\"{&quot;_animation&quot;:&quot;fadeInUp&quot;,&quot;_animation_delay&quot;:100,&quot;_animation_tablet&quot;:&quot;none&quot;}\" data-widget_type=\"heading.default\">\n\t\t\t\t<div class=\"elementor-widget-container\">\n\t\t\t<h5 class=\"elementor-heading-title elementor-size-default\">What will visitors find at EXPOBUS IBERIA 2025?<\/h5>\t\t<\/div>\n\t\t\t\t<\/div>\n\t\t\t\t<div class=\"elementor-element elementor-element-b257940 elementor-widget__width-initial elementor-invisible elementor-widget elementor-widget-text-editor\" data-id=\"b257940\" data-element_type=\"widget\" data-settings=\"{&quot;_animation&quot;:&quot;fadeInUp&quot;,&quot;_animation_delay&quot;:100,&quot;_animation_tablet&quot;:&quot;none&quot;}\" data-widget_type=\"text-editor.default\">\n\t\t\t\t<div class=\"elementor-widget-container\">\n\t\t\t\t\t\t\t<p>There are countless reasons why this is a must-visit event&#8230;<\/p>\n\t\t\t\t\t\t<\/div>\n\t\t\t\t<\/div>\n\t\t\t\t\t<\/div>\n\t\t<\/div>\n\t\t\t\t\t\t\t<\/div>\n\t\t<\/section>\n\t\t\t\t<section class=\"elementor-section elementor-top-section elementor-element elementor-element-64b5a76 elementor-section-boxed elementor-section-height-default elementor-section-height-default\" data-id=\"64b5a76\" data-element_type=\"section\">\n\t\t\t\t\t\t<div class=\"elementor-container elementor-column-gap-default\">\n\t\t\t\t\t<div class=\"elementor-column elementor-col-100 elementor-top-column elementor-element elementor-element-cf76521\" data-id=\"cf76521\" data-element_type=\"column\">\n\t\t\t<div class=\"elementor-widget-wrap elementor-element-populated\">\n\t\t\t\t\t\t\t\t<div class=\"elementor-element elementor-element-27bde71 elementor-invisible elementor-widget elementor-widget-heading\" data-id=\"27bde71\" data-element_type=\"widget\" data-settings=\"{&quot;_animation&quot;:&quot;fadeInUp&quot;,&quot;_animation_delay&quot;:100,&quot;_animation_tablet&quot;:&quot;none&quot;}\" data-widget_type=\"heading.default\">\n\t\t\t\t<div class=\"elementor-widget-container\">\n\t\t\t<h5 class=\"elementor-heading-title elementor-size-default\">PROGRAMA DE ACTIVIDADES 2025<\/h5>\t\t<\/div>\n\t\t\t\t<\/div>\n\t\t\t\t<div class=\"elementor-element elementor-element-5b06996 elementor-tabs-view-horizontal elementor-widget elementor-widget-tabs\" data-id=\"5b06996\" data-element_type=\"widget\" data-widget_type=\"tabs.default\">\n\t\t\t\t<div class=\"elementor-widget-container\">\n\t\t\t\t\t<div class=\"elementor-tabs\">\n\t\t\t<div class=\"elementor-tabs-wrapper\" role=\"tablist\" >\n\t\t\t\t\t\t\t\t\t<div id=\"elementor-tab-title-9541\" class=\"elementor-tab-title elementor-tab-desktop-title\" aria-selected=\"true\" data-tab=\"1\" role=\"tab\" tabindex=\"0\" aria-controls=\"elementor-tab-content-9541\" aria-expanded=\"false\">JUEVES 20 de noviembre de 2025<\/div>\n\t\t\t\t\t\t\t\t\t<div id=\"elementor-tab-title-9542\" class=\"elementor-tab-title elementor-tab-desktop-title\" aria-selected=\"false\" data-tab=\"2\" role=\"tab\" tabindex=\"-1\" aria-controls=\"elementor-tab-content-9542\" aria-expanded=\"false\">VIERNES 21<\/div>\n\t\t\t\t\t\t\t\t\t<div id=\"elementor-tab-title-9543\" class=\"elementor-tab-title elementor-tab-desktop-title\" aria-selected=\"false\" data-tab=\"3\" role=\"tab\" tabindex=\"-1\" aria-controls=\"elementor-tab-content-9543\" aria-expanded=\"false\">S\u00c1BADO 22<\/div>\n\t\t\t\t\t\t\t<\/div>\n\t\t\t<div class=\"elementor-tabs-content-wrapper\" role=\"tablist\" aria-orientation=\"vertical\">\n\t\t\t\t\t\t\t\t\t<div class=\"elementor-tab-title elementor-tab-mobile-title\" aria-selected=\"true\" data-tab=\"1\" role=\"tab\" tabindex=\"0\" aria-controls=\"elementor-tab-content-9541\" aria-expanded=\"false\">JUEVES 20 de noviembre de 2025<\/div>\n\t\t\t\t\t<div id=\"elementor-tab-content-9541\" class=\"elementor-tab-content elementor-clearfix\" data-tab=\"1\" role=\"tabpanel\" aria-labelledby=\"elementor-tab-title-9541\" tabindex=\"0\" hidden=\"false\"><p><span style=\"color: #b80d00;\"><strong>10.00-19.00 H\u00a0\u00a0 PREMIO MEJOR CONDUCTOR DE AUTOCARES DE ESPA\u00d1A, DE EUROPA Y DEL MUNDO EXPOBUS 2025<\/strong><\/span><\/p><ul><li><em>Patrocinador principal:<\/em><strong> MAN<\/strong><\/li><\/ul><ul><li>Patrocinadores destacados:<strong> Sindicato Libre de Transporte (SLT) y PROFORMATRANS<\/strong><\/li><\/ul><ul><li><em>Coordina:<\/em><strong> CARRIL BUS<\/strong><\/li><\/ul><p>Pruebas te\u00f3ricas y pr\u00e1cticas<\/p><p><em>Lugar: tri\u00e1ngulo<\/em><\/p><p><span style=\"color: #b80d00;\"><strong>10.00-19.00 H\u00a0\u00a0 CIRCUITO DE PRUEBAS DE AUTOBUSES<\/strong><\/span><\/p><p>Durante el horario de celebraci\u00f3n de la feria, se pondr\u00e1n a disposici\u00f3n de los interesados los siguientes modelos de autobuses que podr\u00e1n probar en un circuito<\/p><ul><li>ITT Isuzu Bus<br \/>Modelo: Isuzu TURQUOISE<\/li><li>SCANIA<br \/>Modelo: Nuevo SCANIA H\u00edbrido Enchufable (PHEV)<\/li><li>VDL Bus &amp; Coach Espa\u00f1a<br \/>Modelo: VDL Futura FHD2<\/li><li>MOBILITY BUS<br \/>Modelo: Microb\u00fas Ford Transit<\/li><\/ul><p><em>Lugar de salida: lateral pabell\u00f3n 1<\/em><\/p><p><strong><span style=\"color: #b80d00;\">10.00-11.45 H\u00a0\u00a0 ASAMBLEA DE TRANSGACAR, miembro de CONFEBUS<\/span> <em>(evento privado)<\/em><\/strong><\/p><p>Lugar: sala Club del Expositor. Primera planta pabellones 1 y 2<\/p><p><span style=\"color: #b80d00;\"><strong>10.30 H\u00a0 JORNADA T\u00c9CNICA \u201cCERTIFICADOS DE AHORRO ENERG\u00c9TICO (CAEs). APLICACI\u00d3N EN EL TRANSPORTE DE VIAJEROS POR CARRETERA\u201d, <em>ORGANIZADA POR ANETRA &#8211; ASOCIACI\u00d3N NACIONAL DE EMPRESARIOS DE TRANSPORTES EN AUTOCARES<\/em><\/strong><\/span><\/p><p><strong><em>\u00a0<\/em><\/strong><strong>10.30 h: Bienvenida<\/strong><\/p><ul><li><em><strong>Luis \u00c1ngel Pedrero<\/strong><\/em><br \/>Presidente de ANETRA<\/li><\/ul><p><strong>10.35 h: PONENCIA: \u00bfQU\u00c9 SON LOS CAEs?<\/strong><\/p><p><strong>\u00a0<\/strong><strong><em>Ponente:<\/em><\/strong><\/p><ul><li><p><em><strong>Em\u00e9rito Freire Sambade<\/strong><\/em><br \/>Director del Departamento de Coordinaci\u00f3n de Eficiencia Energ\u00e9tica en el Sector P\u00fablico del INEGA &#8211; INSTITUTO ENERX\u00c9TICO DE GALICIA<\/p><\/li><\/ul><p><strong>10.50 h: MESA REDONDA: FICHAS CAEs PARA TRANSPORTE<\/strong><\/p><p><strong><em>Ponentes:<\/em><\/strong><\/p><ul><li><em><strong>Ignacio Bendala,<\/strong> <\/em>MAN Truck &amp; Bus<\/li><li><strong><em>Juan Blanch<\/em><\/strong>, ZF<\/li><li><em><strong>David Montesinos<\/strong><\/em>, Neum\u00e1ticos Soledad<\/li><\/ul><p><strong><em>Moderador:<\/em><\/strong><\/p><ul><li><em><strong>Ra\u00fal Gonz\u00e1lez<\/strong><\/em>, Somos Movilidad<\/li><\/ul><p><strong>11.15 h: PRESENTACI\u00d3N PROYECTO ANETRA: FICHA CAEs PARA TRANSPORTE RUE<\/strong><\/p><p><strong><em>Ponente:<\/em><\/strong><\/p><ul><li><em><strong>Rodrigo L\u00f3pez<\/strong><\/em><br \/>Head of Origination Energy Efficiency STX<\/li><\/ul><p><strong>11.25 h: CLAUSURA DE LA JORNADA<\/strong><\/p><ul><li><em><strong>Elena Mar\u00eda Atance<\/strong><\/em><br \/>Directora General de Transporte por Carretera y Ferrocarril<br \/>MINISTERIO DE TRANSPORTE Y MOVILIDAD SOSTENIBLE<\/li><\/ul><p><em>Lugar: sala conferencias. Pabell\u00f3n 2<\/em><\/p><p><span style=\"color: #b80d00;\"><strong>11.00-13.00 H\u00a0\u00a0 TALLER DE \u201cROTULACI\u00d3N DE AUTOBUSES\u201d, <em>ORGANIZADO POR EXPOB\u00daS CON LA COLABORACI\u00d3N DE C&amp;S DISE\u00d1O Y ROTULACI\u00d3N<\/em><\/strong><\/span><\/p><p><em>Lugar: stand A21. Pabell\u00f3n 2<\/em><\/p><p><span style=\"color: #b80d00;\"><strong>12.00 H\u00a0 INAUGURACI\u00d3N OFICIAL DE EXPOB\u00daS 2025<\/strong><\/span><\/p><p><strong>\u00a0<\/strong><em>Lugar: pabell\u00f3n 1<\/em><\/p><p><span style=\"color: #b80d00;\"><strong>16.00 H\u00a0 JORNADA T\u00c9CNICA \u201cEL DUMPING SOCIAL. BARRERAS A LA COMPETENCIA POR EL MERCADO\u201d, <em>ORGANIZADA POR DIREBUS<\/em> <\/strong><\/span><\/p><p><strong>\u00a0<\/strong><strong><em>Ponente:<\/em><\/strong><\/p><ul><li><em><strong>Alfonso Taborda<\/strong><\/em><br \/>Presidente<br \/>DIREBUS<\/li><\/ul><p><em>Lugar: sala conferencias. Pabell\u00f3n 2<\/em><\/p><p><span style=\"color: #b80d00;\"><strong>16.00-18.00 H\u00a0\u00a0 TALLER DE \u201cROTULACI\u00d3N DE AUTOBUSES\u201d, <em>ORGANIZADO POR EXPOB\u00daS CON LA COLABORACI\u00d3N DE C&amp;S DISE\u00d1O Y ROTULACI\u00d3N<\/em><\/strong><\/span><\/p><p><em>Lugar: stand A21. Pabell\u00f3n 2<\/em><\/p><p><span style=\"color: #b80d00;\"><strong>16.30 H\u00a0 \u00a0JORNADA T\u00c9CNICA \u201cLA DECISI\u00d3N ESTRAT\u00c9GICA M\u00c1S IMPORTANTE DE LA EMPRESA FAMILIAR: \u00bfCONTINUAR O VENDER?\u201d, <em>ORGANIZADA POR EXPOBUS<\/em><\/strong><\/span><\/p><p><strong>16.30 h: El proceso de reflexi\u00f3n estrat\u00e9gica en la empresa familiar ante la\u00a0\u00a0 incertidumbre del entorno econ\u00f3mico.<\/strong><\/p><p><strong>\u00a0<\/strong><strong>17.00 h: \u00bfCu\u00e1nto vale nuestra empresa familiar? Crecimiento inorg\u00e1nico y no continuidad de ramas familiares.<\/strong><\/p><p><strong><em>Ponentes:<\/em><\/strong><\/p><ul><li><em><strong>Javier Fuentes Ram\u00edrez<\/strong><\/em><br \/>Doctor Sobresaliente Cum Laude en Ciencias Empresariales<br \/>M\u00e1s de 20 a\u00f1os de experiencia en el sector del transporte<br \/>Socio-Director General GRUPO ARTE SOLUCIONES CREATIVAS<\/li><li><em><strong>Diego Garrido Heredia<\/strong><\/em><br \/>Licenciado en Derecho<br \/>M\u00e1s de 20 a\u00f1os de experiencia como consultor de empresas<br \/>Socio-Director Comercial GRUPO ARTE SOLUCIONES CREATIVAS<\/li><\/ul><p style=\"font-weight: 400;\"><span style=\"text-decoration: underline;\"><strong>Inscripci\u00f3n gratuita:<\/strong><\/span><br \/><a href=\"mailto:dgarrido@artesolucionescreativas.com\">dgarrido@artesolucionescreativas.com<\/a>\u00a0\u00a0<br \/><a href=\"mailto:mayte@carrilbus.com\">mayte@carrilbus.com<\/a><\/p><p><em>Lugar: sala conferencias. Pabell\u00f3n 2<\/em><\/p><\/div>\n\t\t\t\t\t\t\t\t\t<div class=\"elementor-tab-title elementor-tab-mobile-title\" aria-selected=\"false\" data-tab=\"2\" role=\"tab\" tabindex=\"-1\" aria-controls=\"elementor-tab-content-9542\" aria-expanded=\"false\">VIERNES 21<\/div>\n\t\t\t\t\t<div id=\"elementor-tab-content-9542\" class=\"elementor-tab-content elementor-clearfix\" data-tab=\"2\" role=\"tabpanel\" aria-labelledby=\"elementor-tab-title-9542\" tabindex=\"0\" hidden=\"hidden\"><p><span style=\"color: #b80d00;\"><strong>10.00-19.00 H\u00a0\u00a0 PREMIO MEJOR CONDUCTOR DE AUTOCARES DE ESPA\u00d1A, DE EUROPA Y DEL MUNDO EXPOBUS 2025<\/strong><\/span><\/p><ul><li><em>Patrocinador principal:<\/em><strong> MAN<\/strong><\/li><\/ul><ul><li>Patrocinadores destacados:<strong> Sindicato Libre de Transporte (SLT) y PROFORMATRANS<\/strong><\/li><\/ul><ul><li><em>Coordina:<\/em><strong> CARRIL BUS<\/strong><\/li><\/ul><p>Pruebas te\u00f3ricas y pr\u00e1cticas<\/p><p><em>Lugar: tri\u00e1ngulo<\/em><\/p><p><span style=\"color: #b80d00;\"><strong>10.00-19.00 H\u00a0\u00a0 CIRCUITO DE PRUEBAS DE AUTOBUSES<\/strong><\/span><\/p><p>Durante el horario de celebraci\u00f3n de la feria, se pondr\u00e1n a disposici\u00f3n de los interesados los siguientes modelos de autobuses que podr\u00e1n probar en un circuito dise\u00f1ado para ello:<\/p><ul><li>ITT Isuzu Bus<br \/>Modelo: Isuzu TURQUOISE<\/li><li>SCANIA<br \/>Modelo: Nuevo SCANIA H\u00edbrido Enchufable (PHEV)<\/li><li>VDL Bus &amp; Coach Espa\u00f1a<br \/>Modelo: VDL Futura FHD2<\/li><li>MOBILITY BUS<br \/>Modelo: Microb\u00fas Ford Transit<\/li><\/ul><p><em>Lugar de salida: lateral pabell\u00f3n 1<\/em><\/p><p><span style=\"color: #b80d00;\"><strong>10.30 H\u00a0 \u00a0JORNADAS T\u00c9CNICAS EXPOB\u00daS 2025: \u201cLA APLICACI\u00d3N DE LA IA EN EL TRANSPORTE P\u00daBLICO DE VIAJEROS Y LA MOVILIDAD. HACIA D\u00d3NDE VAMOS\u201d, <em>ORGANIZADA POR EXPOBUS<\/em><\/strong><\/span><\/p><p><strong>10.30 h.\u00a0 BIENVENIDA Y PRESENTACI\u00d3N DE LA JORNADA <\/strong><\/p><ul><li><em><strong>Pablo Alejandro Amenedo Berm\u00fadez<\/strong><\/em><br \/>Subdirector Xeral de Ordenaci\u00f3n do Transporte<br \/>XUNTA DE GALICIA<\/li><li><em><strong>Ricardo Jos\u00e9 Dur\u00e1n Rodr\u00edguez<\/strong><\/em><br \/>Director General<br \/>FUNDACI\u00d3N SEMANA VERDE DE GALICIA<\/li><\/ul><p><span style=\"color: #b80d00;\"><strong>10.45 h.\u00a0 \u201cLOS RETOS DE LA IA EN EL TRANSPORTE P\u00daBLICO DE VIAJEROS\u201d<\/strong><\/span><\/p><p><strong>10.45-11.00 h:<\/strong> <strong>Primera ponencia<\/strong>: <strong>\u201cRedefiniendo la movilidad: El impacto transformador de la IA en el transporte de personas\u201d.<\/strong><\/p><ul><li><em><strong>Carlos Acha<\/strong><\/em><br \/>Director de Innovaci\u00f3n y Tecnolog\u00eda<br \/>EMT MADRID<\/li><\/ul><p><strong>11.00-11.15 h:<\/strong> <strong>Segunda ponencia:<\/strong> \u201c<strong>La movilidad personalizada gracias a la IA. Las tecnolog\u00edas avanzan para lograr un transporte a la medida de las necesidades reales de la poblaci\u00f3n\u201d.<\/strong><\/p><ul><li><em><strong>Salo Taboada<\/strong><\/em><br \/>Business Development Espa\u00f1a<br \/>NEMI MOBILITY SOLUTIONS<\/li><\/ul><p><strong>11.15-11.30 h<\/strong>: <strong>Tercera ponencia<\/strong>:<strong> \u201cAs\u00ed es el futuro del pago del transporte p\u00fablico\u201d.<\/strong><\/p><ul><li><span style=\"color: #b80d00;\"><em><strong>Jos\u00e9 Francisco Martin<\/strong><\/em><\/span><br \/>CEO<br \/>BUSMATICK<\/li><\/ul><p>Inscripci\u00f3n gratuita:\u00a0<a href=\"mailto:redaccion@carrilbus.com\" target=\"_blank\" rel=\"noopener\">redaccion@carrilbus.<wbr \/>com<\/a><\/p><p><em>Lugar: sala conferencias. Pabell\u00f3n 2<\/em><\/p><p><span style=\"color: #b80d00;\"><strong>11.00-13.00 H\u00a0\u00a0 TALLER DE \u201cROTULACI\u00d3N DE AUTOBUSES\u201d, <em>ORGANIZADO POR EXPOB\u00daS CON LA COLABORACI\u00d3N DE C&amp;S DISE\u00d1O Y ROTULACI\u00d3N<\/em><\/strong><\/span><\/p><p><em>Lugar: stand A21. Pabell\u00f3n 2<\/em><\/p><p><span style=\"color: #b80d00;\"><strong>13.00 H\u00a0 \u00a0ASAMBLEA FEGAB\u00daS <\/strong><\/span><\/p><p><em>Lugar: sala reuniones Club del Expositor. Primera planta pabellones 1 y 2<\/em><\/p><p><span style=\"color: #b80d00;\"><strong>16.00-18.00 H\u00a0\u00a0 TALLER DE \u201cROTULACI\u00d3N DE AUTOBUSES\u201d, <em>ORGANIZADO POR EXPOB\u00daS CON LA COLABORACI\u00d3N DE C&amp;S DISE\u00d1O Y ROTULACI\u00d3N<\/em><\/strong><\/span><\/p><p><em>Lugar: stand A21. Pabell\u00f3n 2<\/em><\/p><\/div>\n\t\t\t\t\t\t\t\t\t<div class=\"elementor-tab-title elementor-tab-mobile-title\" aria-selected=\"false\" data-tab=\"3\" role=\"tab\" tabindex=\"-1\" aria-controls=\"elementor-tab-content-9543\" aria-expanded=\"false\">S\u00c1BADO 22<\/div>\n\t\t\t\t\t<div id=\"elementor-tab-content-9543\" class=\"elementor-tab-content elementor-clearfix\" data-tab=\"3\" role=\"tabpanel\" aria-labelledby=\"elementor-tab-title-9543\" tabindex=\"0\" hidden=\"hidden\"><p><span style=\"color: #b80d00;\"><strong>10.00-16.00 H\u00a0\u00a0 CIRCUITO DE PRUEBAS DE AUTOBUSES<\/strong><\/span><\/p><p>Durante el horario de celebraci\u00f3n de la feria, se pondr\u00e1n a disposici\u00f3n de los interesados los siguientes modelos de autobuses que podr\u00e1n probar en un circuito dise\u00f1ado para ello:<\/p><ul><li>ITT Isuzu Bus<br \/>Modelo: Isuzu TURQUOISE<\/li><li>SCANIA<br \/>Modelo: Nuevo SCANIA H\u00edbrido Enchufable (PHEV)<\/li><li>VDL Bus &amp; Coach Espa\u00f1a<br \/>Modelo: VDL Futura FHD2<\/li><li>MOBILITY BUS<br \/>Modelo: Microb\u00fas Ford Transit<\/li><\/ul><p><em>Lugar de salida: lateral pabell\u00f3n 1<\/em><\/p><p><span style=\"color: #b80d00;\"><strong>10.00-13.00 H\u00a0\u00a0 PREMIO MEJOR CONDUCTOR DE AUTOCARES DE ESPA\u00d1A, DE EUROPA Y DEL MUNDO EXPOBUS 2025<\/strong><\/span><\/p><ul><li><em>Patrocinador principal:<\/em><strong> MAN<\/strong><\/li><\/ul><ul><li>Patrocinadores destacados:<strong> Sindicato Libre de Transporte (SLT) y PROFORMATRANS<\/strong><\/li><\/ul><ul><li><em>Coordina:<\/em><strong> CARRIL BUS<\/strong><\/li><\/ul><p>Pruebas te\u00f3ricas y pr\u00e1cticas<\/p><p><em>Lugar: tri\u00e1ngulo<\/em><\/p><p><span style=\"color: #b80d00;\"><strong>14.00 H\u00a0 \u00a0ENTREGA DE PREMIOS \u201cMEJOR CONDUCTOR DE AUTOCARES DE ESPA\u00d1A, DE EUROPA Y DEL MUNDO EXPOBUS 2025\u201d<\/strong><\/span><\/p><ul><li><em>Patrocinador principal:<\/em><strong> MAN<\/strong><\/li><\/ul><ul><li>Patrocinadores destacados:<strong> Sindicato Libre de Transporte (SLT) y PROFORMATRANS<\/strong><\/li><\/ul><ul><li><em>Coordina:<\/em><strong> CARRIL BUS<\/strong><\/li><\/ul><p>&#8211; Acto de entrega de premios y distinciones de los Concursos<br \/>&#8211; C\u00f3ctel<\/p><p><em>Lugar: sala conferencias. Pabell\u00f3n 2<\/em><\/p><\/div>\n\t\t\t\t\t\t\t<\/div>\n\t\t<\/div>\n\t\t\t\t<\/div>\n\t\t\t\t<\/div>\n\t\t\t\t\t<\/div>\n\t\t<\/div>\n\t\t\t\t\t\t\t<\/div>\n\t\t<\/section>\n\t\t\t\t<section class=\"elementor-section elementor-top-section elementor-element elementor-element-3035d9a elementor-section-full_width elementor-section-height-min-height elementor-section-items-stretch elementor-section-height-default\" data-id=\"3035d9a\" data-element_type=\"section\">\n\t\t\t\t\t\t<div class=\"elementor-container elementor-column-gap-no\">\n\t\t\t\t\t<div class=\"elementor-column elementor-col-50 elementor-top-column elementor-element elementor-element-7c86eeb elementor-invisible\" data-id=\"7c86eeb\" data-element_type=\"column\" data-settings=\"{&quot;animation&quot;:&quot;fadeInLeft&quot;,&quot;animation_delay&quot;:100,&quot;animation_tablet&quot;:&quot;none&quot;}\">\n\t\t\t<div class=\"elementor-widget-wrap elementor-element-populated\">\n\t\t\t\t\t\t\t\t<div class=\"elementor-element elementor-element-ce1ed70 sedexpo-heading-underline elementor-widget-tablet__width-inherit elementor-widget elementor-widget-heading\" data-id=\"ce1ed70\" data-element_type=\"widget\" data-widget_type=\"heading.default\">\n\t\t\t\t<div class=\"elementor-widget-container\">\n\t\t\t<h2 class=\"elementor-heading-title elementor-size-default\"><span style=\"font-size: 28.8px; white-space-collapse: collapse;\">BEST COACH DRIVER OF spain - europe - world 2025<\/span><\/h2>\t\t<\/div>\n\t\t\t\t<\/div>\n\t\t\t\t<div class=\"elementor-element elementor-element-e98170b elementor-widget-tablet__width-inherit elementor-widget__width-initial elementor-widget elementor-widget-text-editor\" data-id=\"e98170b\" data-element_type=\"widget\" data-widget_type=\"text-editor.default\">\n\t\t\t\t<div class=\"elementor-widget-container\">\n\t\t\t\t\t\t\t<p>The event will once again feature a highly attractive offering: a fierce competition among coach professionals from around the world. With unique facilities for this championship, numerous technical tests will be conducted throughout Thursday, Friday, and Saturday morning, evaluating diverse aspects such as passenger and luggage handling, driving smoothness, reaction time, anticipation, and driving habits. The awards ceremony is the grand finale of the fair.<\/p><p style=\"text-align: center;\">If you&#8217;re the best driver and you accept our challenge:<\/p><p style=\"text-align: center;\">&gt; <b><a style=\"font-size: 1.1rem; letter-spacing: -0.3px; background-color: var(--base-3);\" href=\"https:\/\/www.expobusiberia.com\/concurso_mejor_conductor.pdf\" target=\"_blank\" rel=\"noopener\">DOWNLOAD THE PARTICIPATION GUIDELINES HERE<\/a>\u00a0<\/b><\/p><p style=\"text-align: center;\"><b><span class=\"HwtZe\" lang=\"en\"><span class=\"jCAhz ChMk0b\"><span class=\"ryNqvb\">Main sponsor:<\/span><\/span><\/span><br \/>\u00a0<\/b><a href=\"ttps:\/\/www.man.eu\/es\" target=\"_blank\" rel=\"noopener\"><img loading=\"lazy\" decoding=\"async\" style=\"color: var( --e-global-color-text ); font-size: 17.6px; letter-spacing: -0.3px; background-color: var(--base-3);\" src=\"https:\/\/www.expobusiberia.com\/wp-content\/uploads\/2023\/09\/Logo_MAN-300x167.png\" alt=\"\" width=\"267\" height=\"140\" \/><\/a><\/p><p style=\"text-align: center;\"><span style=\"font-weight: bold; font-size: 17.6px; letter-spacing: -0.3px;\"><span class=\"HwtZe\" lang=\"en\"><span class=\"jCAhz ChMk0b\"><span class=\"ryNqvb\">Featured sponsors:<\/span><\/span><\/span><br \/><a href=\"https:\/\/sindicatolibredetransporte.com\/\" target=\"_blank\" rel=\"noopener\"><img loading=\"lazy\" decoding=\"async\" class=\"alignnone wp-image-4880\" src=\"https:\/\/www.expobusiberia.com\/wp-content\/uploads\/2025\/11\/logo-sindicato-libre-de-transporte-300x152.jpg\" alt=\"\" width=\"200\" height=\"101\" srcset=\"https:\/\/www.expobusiberia.com\/wp-content\/uploads\/2025\/11\/logo-sindicato-libre-de-transporte-300x152.jpg 300w, https:\/\/www.expobusiberia.com\/wp-content\/uploads\/2025\/11\/logo-sindicato-libre-de-transporte-1024x519.jpg 1024w, https:\/\/www.expobusiberia.com\/wp-content\/uploads\/2025\/11\/logo-sindicato-libre-de-transporte-768x389.jpg 768w, https:\/\/www.expobusiberia.com\/wp-content\/uploads\/2025\/11\/logo-sindicato-libre-de-transporte-1536x779.jpg 1536w, https:\/\/www.expobusiberia.com\/wp-content\/uploads\/2025\/11\/logo-sindicato-libre-de-transporte.jpg 1600w\" sizes=\"auto, (max-width: 200px) 100vw, 200px\" \/><\/a>\u00a0 \u00a0 \u00a0 <a href=\"https:\/\/proformatrans.org\/\" target=\"_blank\" rel=\"noopener\"><img loading=\"lazy\" decoding=\"async\" class=\"alignnone wp-image-4883\" src=\"https:\/\/www.expobusiberia.com\/wp-content\/uploads\/2025\/11\/Logo-Proformatrans-300x38.jpg\" alt=\"\" width=\"200\" height=\"25\" srcset=\"https:\/\/www.expobusiberia.com\/wp-content\/uploads\/2025\/11\/Logo-Proformatrans-300x38.jpg 300w, https:\/\/www.expobusiberia.com\/wp-content\/uploads\/2025\/11\/Logo-Proformatrans-768x98.jpg 768w, https:\/\/www.expobusiberia.com\/wp-content\/uploads\/2025\/11\/Logo-Proformatrans.jpg 918w\" sizes=\"auto, (max-width: 200px) 100vw, 200px\" \/><\/a><\/span><\/p><p style=\"text-align: center;\"><b>Coordinator:<br \/>\u00a0<a href=\"https:\/\/carrilbus.com\/\" target=\"_blank\" rel=\"noopener\"><img loading=\"lazy\" decoding=\"async\" src=\"https:\/\/www.expobusiberia.com\/wp-content\/uploads\/2025\/07\/carrilbus-1-300x87.jpg\" alt=\"\" width=\"300\" height=\"87\" \/><\/a><\/b><\/p>\t\t\t\t\t\t<\/div>\n\t\t\t\t<\/div>\n\t\t\t\t\t<\/div>\n\t\t<\/div>\n\t\t\t\t<div class=\"elementor-column elementor-col-50 elementor-top-column elementor-element elementor-element-c4b85dc elementor-invisible\" data-id=\"c4b85dc\" data-element_type=\"column\" data-settings=\"{&quot;background_background&quot;:&quot;classic&quot;,&quot;animation&quot;:&quot;fadeInRight&quot;,&quot;animation_delay&quot;:100,&quot;animation_tablet&quot;:&quot;none&quot;}\">\n\t\t\t<div class=\"elementor-widget-wrap elementor-element-populated\">\n\t\t\t\t\t\t\t\t<div class=\"elementor-element elementor-element-5daffee elementor-hidden-desktop elementor-widget elementor-widget-spacer\" data-id=\"5daffee\" data-element_type=\"widget\" data-widget_type=\"spacer.default\">\n\t\t\t\t<div class=\"elementor-widget-container\">\n\t\t\t\t\t<div class=\"elementor-spacer\">\n\t\t\t<div class=\"elementor-spacer-inner\"><\/div>\n\t\t<\/div>\n\t\t\t\t<\/div>\n\t\t\t\t<\/div>\n\t\t\t\t\t<\/div>\n\t\t<\/div>\n\t\t\t\t\t\t\t<\/div>\n\t\t<\/section>\n\t\t\t\t<section class=\"elementor-section elementor-top-section elementor-element elementor-element-3d2c696 elementor-section-full_width elementor-section-height-min-height elementor-section-items-stretch elementor-reverse-tablet elementor-reverse-mobile elementor-section-height-default\" data-id=\"3d2c696\" data-element_type=\"section\">\n\t\t\t\t\t\t<div class=\"elementor-container elementor-column-gap-no\">\n\t\t\t\t\t<div class=\"elementor-column elementor-col-50 elementor-top-column elementor-element elementor-element-4fc41d3 elementor-invisible\" data-id=\"4fc41d3\" data-element_type=\"column\" data-settings=\"{&quot;background_background&quot;:&quot;classic&quot;,&quot;animation&quot;:&quot;fadeInLeft&quot;,&quot;animation_delay&quot;:100,&quot;animation_tablet&quot;:&quot;none&quot;}\">\n\t\t\t<div class=\"elementor-widget-wrap elementor-element-populated\">\n\t\t\t\t\t\t\t\t<div class=\"elementor-element elementor-element-4f8be67 elementor-hidden-desktop elementor-widget elementor-widget-spacer\" data-id=\"4f8be67\" data-element_type=\"widget\" data-widget_type=\"spacer.default\">\n\t\t\t\t<div class=\"elementor-widget-container\">\n\t\t\t\t\t<div class=\"elementor-spacer\">\n\t\t\t<div class=\"elementor-spacer-inner\"><\/div>\n\t\t<\/div>\n\t\t\t\t<\/div>\n\t\t\t\t<\/div>\n\t\t\t\t\t<\/div>\n\t\t<\/div>\n\t\t\t\t<div class=\"elementor-column elementor-col-50 elementor-top-column elementor-element elementor-element-a2cfd74 elementor-invisible\" data-id=\"a2cfd74\" data-element_type=\"column\" data-settings=\"{&quot;animation&quot;:&quot;fadeInRight&quot;,&quot;animation_delay&quot;:100,&quot;animation_tablet&quot;:&quot;none&quot;}\">\n\t\t\t<div class=\"elementor-widget-wrap elementor-element-populated\">\n\t\t\t\t\t\t\t\t<div class=\"elementor-element elementor-element-537dd77 sedexpo-heading-underline elementor-widget-tablet__width-inherit elementor-widget elementor-widget-heading\" data-id=\"537dd77\" data-element_type=\"widget\" data-widget_type=\"heading.default\">\n\t\t\t\t<div class=\"elementor-widget-container\">\n\t\t\t<h2 class=\"elementor-heading-title elementor-size-default\">WIDE PROGRAM OF CONFERENCES AND WORKSHOPS<\/h2>\t\t<\/div>\n\t\t\t\t<\/div>\n\t\t\t\t<div class=\"elementor-element elementor-element-125903c elementor-widget-tablet__width-inherit elementor-widget elementor-widget-text-editor\" data-id=\"125903c\" data-element_type=\"widget\" data-widget_type=\"text-editor.default\">\n\t\t\t\t<div class=\"elementor-widget-container\">\n\t\t\t\t\t\t\t<p>The three days of the fair offer the professional visitor a full program of conferences, workshops and seminars in which they can learn first-hand about all the trends in the sector, the important innovations, the changes expected in the coming years and the latest developments in the sector.<\/p>\t\t\t\t\t\t<\/div>\n\t\t\t\t<\/div>\n\t\t\t\t\t<\/div>\n\t\t<\/div>\n\t\t\t\t\t\t\t<\/div>\n\t\t<\/section>\n\t\t\t\t<section class=\"elementor-section elementor-top-section elementor-element elementor-element-8134255 elementor-section-full_width elementor-section-height-min-height elementor-section-items-stretch elementor-section-height-default\" data-id=\"8134255\" data-element_type=\"section\">\n\t\t\t\t\t\t<div class=\"elementor-container elementor-column-gap-no\">\n\t\t\t\t\t<div class=\"elementor-column elementor-col-50 elementor-top-column elementor-element elementor-element-b371f61 elementor-invisible\" data-id=\"b371f61\" data-element_type=\"column\" data-settings=\"{&quot;animation&quot;:&quot;fadeInLeft&quot;,&quot;animation_delay&quot;:100,&quot;animation_tablet&quot;:&quot;none&quot;}\">\n\t\t\t<div class=\"elementor-widget-wrap elementor-element-populated\">\n\t\t\t\t\t\t\t\t<div class=\"elementor-element elementor-element-da129bd sedexpo-heading-underline elementor-widget-tablet__width-inherit elementor-widget elementor-widget-heading\" data-id=\"da129bd\" data-element_type=\"widget\" data-widget_type=\"heading.default\">\n\t\t\t\t<div class=\"elementor-widget-container\">\n\t\t\t<h2 class=\"elementor-heading-title elementor-size-default\">ACTIVITIES AT \nTHE STANDS<\/h2>\t\t<\/div>\n\t\t\t\t<\/div>\n\t\t\t\t<div class=\"elementor-element elementor-element-5f0f306 elementor-widget-tablet__width-inherit elementor-widget elementor-widget-text-editor\" data-id=\"5f0f306\" data-element_type=\"widget\" data-widget_type=\"text-editor.default\">\n\t\t\t\t<div class=\"elementor-widget-container\">\n\t\t\t\t\t\t\t<p>A large number of exhibitors will take advantage of the important media impact of the fair to carry out promotional activities or corporate events during Expobus Iberia.<br \/>The fair becomes a fabulous loudspeaker for the organization of meetings, assemblies, awards ceremonies, signing of agreements, celebration of anniversaries&#8230; Tell us your idea and we will be happy to make it become a reality.<\/p>\t\t\t\t\t\t<\/div>\n\t\t\t\t<\/div>\n\t\t\t\t\t<\/div>\n\t\t<\/div>\n\t\t\t\t<div class=\"elementor-column elementor-col-50 elementor-top-column elementor-element elementor-element-e720fec elementor-invisible\" data-id=\"e720fec\" data-element_type=\"column\" data-settings=\"{&quot;background_background&quot;:&quot;classic&quot;,&quot;animation&quot;:&quot;fadeInRight&quot;,&quot;animation_delay&quot;:100,&quot;animation_tablet&quot;:&quot;none&quot;}\">\n\t\t\t<div class=\"elementor-widget-wrap elementor-element-populated\">\n\t\t\t\t\t\t\t\t<div class=\"elementor-element elementor-element-a3c2d23 elementor-hidden-desktop elementor-widget elementor-widget-spacer\" data-id=\"a3c2d23\" data-element_type=\"widget\" data-widget_type=\"spacer.default\">\n\t\t\t\t<div class=\"elementor-widget-container\">\n\t\t\t\t\t<div class=\"elementor-spacer\">\n\t\t\t<div class=\"elementor-spacer-inner\"><\/div>\n\t\t<\/div>\n\t\t\t\t<\/div>\n\t\t\t\t<\/div>\n\t\t\t\t\t<\/div>\n\t\t<\/div>\n\t\t\t\t\t\t\t<\/div>\n\t\t<\/section>\n\t\t\t\t<section class=\"elementor-section elementor-top-section elementor-element elementor-element-bdf9459 elementor-section-full_width elementor-section-height-min-height elementor-section-items-stretch elementor-reverse-tablet elementor-reverse-mobile elementor-section-height-default\" data-id=\"bdf9459\" data-element_type=\"section\">\n\t\t\t\t\t\t<div class=\"elementor-container elementor-column-gap-no\">\n\t\t\t\t\t<div class=\"elementor-column elementor-col-50 elementor-top-column elementor-element elementor-element-6d44440 elementor-invisible\" data-id=\"6d44440\" data-element_type=\"column\" data-settings=\"{&quot;background_background&quot;:&quot;classic&quot;,&quot;animation&quot;:&quot;fadeInLeft&quot;,&quot;animation_delay&quot;:100,&quot;animation_tablet&quot;:&quot;none&quot;}\">\n\t\t\t<div class=\"elementor-widget-wrap elementor-element-populated\">\n\t\t\t\t\t\t\t\t<div class=\"elementor-element elementor-element-f9b2ce5 elementor-hidden-desktop elementor-widget elementor-widget-spacer\" data-id=\"f9b2ce5\" data-element_type=\"widget\" data-widget_type=\"spacer.default\">\n\t\t\t\t<div class=\"elementor-widget-container\">\n\t\t\t\t\t<div class=\"elementor-spacer\">\n\t\t\t<div class=\"elementor-spacer-inner\"><\/div>\n\t\t<\/div>\n\t\t\t\t<\/div>\n\t\t\t\t<\/div>\n\t\t\t\t\t<\/div>\n\t\t<\/div>\n\t\t\t\t<div class=\"elementor-column elementor-col-50 elementor-top-column elementor-element elementor-element-412c65a elementor-invisible\" data-id=\"412c65a\" data-element_type=\"column\" data-settings=\"{&quot;animation&quot;:&quot;fadeInRight&quot;,&quot;animation_delay&quot;:100,&quot;animation_tablet&quot;:&quot;none&quot;}\">\n\t\t\t<div class=\"elementor-widget-wrap elementor-element-populated\">\n\t\t\t\t\t\t\t\t<div class=\"elementor-element elementor-element-f9d8508 sedexpo-heading-underline elementor-widget-tablet__width-inherit elementor-widget elementor-widget-heading\" data-id=\"f9d8508\" data-element_type=\"widget\" data-widget_type=\"heading.default\">\n\t\t\t\t<div class=\"elementor-widget-container\">\n\t\t\t<h2 class=\"elementor-heading-title elementor-size-default\">EXHIBITION OF \nCLASSIC VEHICLES<\/h2>\t\t<\/div>\n\t\t\t\t<\/div>\n\t\t\t\t<div class=\"elementor-element elementor-element-e5ac7ab elementor-widget-tablet__width-inherit elementor-widget elementor-widget-text-editor\" data-id=\"e5ac7ab\" data-element_type=\"widget\" data-widget_type=\"text-editor.default\">\n\t\t\t\t<div class=\"elementor-widget-container\">\n\t\t\t\t\t\t\t<p>Expobus Iberia is the ideal setting to show an extraordinary exhibition of classic vehicles, which in previous events was a great success. Any individual or company is invited to contact us and take part in this exhibition free of charge.<\/p>\t\t\t\t\t\t<\/div>\n\t\t\t\t<\/div>\n\t\t\t\t\t<\/div>\n\t\t<\/div>\n\t\t\t\t\t\t\t<\/div>\n\t\t<\/section>\n\t\t\t\t<section class=\"elementor-section elementor-top-section elementor-element elementor-element-268558f elementor-section-full_width elementor-section-height-min-height elementor-section-items-stretch elementor-section-height-default\" data-id=\"268558f\" data-element_type=\"section\">\n\t\t\t\t\t\t<div class=\"elementor-container elementor-column-gap-no\">\n\t\t\t\t\t<div class=\"elementor-column elementor-col-50 elementor-top-column elementor-element elementor-element-73f95bd elementor-invisible\" data-id=\"73f95bd\" data-element_type=\"column\" data-settings=\"{&quot;animation&quot;:&quot;fadeInLeft&quot;,&quot;animation_delay&quot;:100,&quot;animation_tablet&quot;:&quot;none&quot;}\">\n\t\t\t<div class=\"elementor-widget-wrap elementor-element-populated\">\n\t\t\t\t\t\t\t\t<div class=\"elementor-element elementor-element-8d4b61b sedexpo-heading-underline elementor-widget-tablet__width-inherit elementor-widget elementor-widget-heading\" data-id=\"8d4b61b\" data-element_type=\"widget\" data-widget_type=\"heading.default\">\n\t\t\t\t<div class=\"elementor-widget-container\">\n\t\t\t<h2 class=\"elementor-heading-title elementor-size-default\">TEST TRACK<\/h2>\t\t<\/div>\n\t\t\t\t<\/div>\n\t\t\t\t<div class=\"elementor-element elementor-element-f9afb80 elementor-widget-tablet__width-inherit elementor-widget elementor-widget-text-editor\" data-id=\"f9afb80\" data-element_type=\"widget\" data-widget_type=\"text-editor.default\">\n\t\t\t\t<div class=\"elementor-widget-container\">\n\t\t\t\t\t\t\t<p>The more than 400,000 sqm of the exhibition grounds provide a fantastic test track, so that exhibiting companies can make use of it to show their vehicles in operation to interested customers.<\/p>\t\t\t\t\t\t<\/div>\n\t\t\t\t<\/div>\n\t\t\t\t\t<\/div>\n\t\t<\/div>\n\t\t\t\t<div class=\"elementor-column elementor-col-50 elementor-top-column elementor-element elementor-element-d7a81d4 elementor-invisible\" data-id=\"d7a81d4\" data-element_type=\"column\" data-settings=\"{&quot;background_background&quot;:&quot;classic&quot;,&quot;animation&quot;:&quot;fadeInRight&quot;,&quot;animation_delay&quot;:100,&quot;animation_tablet&quot;:&quot;none&quot;}\">\n\t\t\t<div class=\"elementor-widget-wrap elementor-element-populated\">\n\t\t\t\t\t\t\t\t<div class=\"elementor-element elementor-element-c11a2dd elementor-hidden-desktop elementor-widget elementor-widget-spacer\" data-id=\"c11a2dd\" data-element_type=\"widget\" data-widget_type=\"spacer.default\">\n\t\t\t\t<div class=\"elementor-widget-container\">\n\t\t\t\t\t<div class=\"elementor-spacer\">\n\t\t\t<div class=\"elementor-spacer-inner\"><\/div>\n\t\t<\/div>\n\t\t\t\t<\/div>\n\t\t\t\t<\/div>\n\t\t\t\t\t<\/div>\n\t\t<\/div>\n\t\t\t\t\t\t\t<\/div>\n\t\t<\/section>\n\t\t\t\t\t\t\t<\/div>\n\t\t","protected":false},"excerpt":{"rendered":"<p>EXPOBUS IBERIA What will visitors find at EXPOBUS IBERIA 2025? There are countless reasons why this is a must-visit event&#8230; PROGRAMA DE ACTIVIDADES 2025 JUEVES 20 de noviembre de 2025 VIERNES 21 S\u00c1BADO 22 JUEVES 20 de noviembre de 2025 10.00-19.00 H\u00a0\u00a0 PREMIO MEJOR CONDUCTOR DE AUTOCARES DE ESPA\u00d1A, DE EUROPA Y DEL MUNDO EXPOBUS &#8230; <a title=\"Activities\" class=\"read-more\" href=\"https:\/\/www.expobusiberia.com\/en\/activities\/\" aria-label=\"More on Activities\">Read more<\/a><\/p>\n","protected":false},"author":1,"featured_media":0,"parent":0,"menu_order":0,"comment_status":"closed","ping_status":"closed","template":"elementor_header_footer","meta":{"footnotes":""},"class_list":["post-1534","page","type-page","status-publish"],"acf":[],"_links":{"self":[{"href":"https:\/\/www.expobusiberia.com\/en\/wp-json\/wp\/v2\/pages\/1534","targetHints":{"allow":["GET"]}}],"collection":[{"href":"https:\/\/www.expobusiberia.com\/en\/wp-json\/wp\/v2\/pages"}],"about":[{"href":"https:\/\/www.expobusiberia.com\/en\/wp-json\/wp\/v2\/types\/page"}],"author":[{"embeddable":true,"href":"https:\/\/www.expobusiberia.com\/en\/wp-json\/wp\/v2\/users\/1"}],"replies":[{"embeddable":true,"href":"https:\/\/www.expobusiberia.com\/en\/wp-json\/wp\/v2\/comments?post=1534"}],"version-history":[{"count":24,"href":"https:\/\/www.expobusiberia.com\/en\/wp-json\/wp\/v2\/pages\/1534\/revisions"}],"predecessor-version":[{"id":5051,"href":"https:\/\/www.expobusiberia.com\/en\/wp-json\/wp\/v2\/pages\/1534\/revisions\/5051"}],"wp:attachment":[{"href":"https:\/\/www.expobusiberia.com\/en\/wp-json\/wp\/v2\/media?parent=1534"}],"curies":[{"name":"wp","href":"https:\/\/api.w.org\/{rel}","templated":true}]}}